{"version":"1.0","provider_name":"CHACODIAPORDIA.COM","provider_url":"https:\/\/chacodiapordia.com\/en","title":"S\u00e1enz Pe\u00f1a conmemor\u00f3 el D\u00eda Nacional del Inmigrante - CHACODIAPORDIA.COM","type":"rich","width":600,"height":338,"html":"<blockquote class=\"wp-embedded-content\" data-secret=\"NqAY1QtTyc\"><a href=\"https:\/\/chacodiapordia.com\/en\/saenz-pena-conmemoro-el-dia-nacional-del-inmigrante\/\">S\u00e1enz Pe\u00f1a conmemor\u00f3 el D\u00eda Nacional del Inmigrante<\/a><\/blockquote><iframe sandbox=\"allow-scripts\" security=\"restricted\" src=\"https:\/\/chacodiapordia.com\/en\/saenz-pena-conmemoro-el-dia-nacional-del-inmigrante\/embed\/#?secret=NqAY1QtTyc\" width=\"600\" height=\"338\" title=\"&#8220;S\u00e1enz Pe\u00f1a conmemor\u00f3 el D\u00eda Nacional del Inmigrante&#8221; &#8212; CHACODIAPORDIA.COM\" data-secret=\"NqAY1QtTyc\" frameborder=\"0\" marginwidth=\"0\" marginheight=\"0\" scrolling=\"no\" class=\"wp-embedded-content\"><\/iframe><script>\n\/*! This file is auto-generated *\/\n!function(d,l){\"use strict\";l.querySelector&&d.addEventListener&&\"undefined\"!=typeof URL&&(d.wp=d.wp||{},d.wp.receiveEmbedMessage||(d.wp.receiveEmbedMessage=function(e){var t=e.data;if((t||t.secret||t.message||t.value)&&!\/[^a-zA-Z0-9]\/.test(t.secret)){for(var s,r,n,a=l.querySelectorAll('iframe[data-secret=\"'+t.secret+'\"]'),o=l.querySelectorAll('blockquote[data-secret=\"'+t.secret+'\"]'),c=new RegExp(\"^https?:$\",\"i\"),i=0;i<o.length;i++)o[i].style.display=\"none\";for(i=0;i<a.length;i++)s=a[i],e.source===s.contentWindow&&(s.removeAttribute(\"style\"),\"height\"===t.message?(1e3<(r=parseInt(t.value,10))?r=1e3:~~r<200&&(r=200),s.height=r):\"link\"===t.message&&(r=new URL(s.getAttribute(\"src\")),n=new URL(t.value),c.test(n.protocol))&&n.host===r.host&&l.activeElement===s&&(d.top.location.href=t.value))}},d.addEventListener(\"message\",d.wp.receiveEmbedMessage,!1),l.addEventListener(\"DOMContentLoaded\",function(){for(var e,t,s=l.querySelectorAll(\"iframe.wp-embedded-content\"),r=0;r<s.length;r++)(t=(e=s[r]).getAttribute(\"data-secret\"))||(t=Math.random().toString(36).substring(2,12),e.src+=\"#?secret=\"+t,e.setAttribute(\"data-secret\",t)),e.contentWindow.postMessage({message:\"ready\",secret:t},\"*\")},!1)))}(window,document);\n\/\/# sourceURL=https:\/\/chacodiapordia.com\/wp-includes\/js\/wp-embed.min.js\n<\/script>","thumbnail_url":"https:\/\/chacodiapordia.com\/wp-content\/uploads\/2026\/09\/SaenzPena-DiaInmigrante-Set2026.jpeg","thumbnail_width":800,"thumbnail_height":548,"description":"En el marco del D\u00eda Nacional del Inmigrante, la Municipalidad de Presidencia Roque S\u00e1enz Pe\u00f1a llev\u00f3 adelante un acto conmemorativo en Calle 9 y colectora de ruta 95, donde se puso en valor el aporte de los inmigrantes y de las distintas Colectividades que forman parte de la identidad cultural de nuestra comunidad. La ceremonia cont\u00f3 con la presencia del intendente Bruno Cipolini, el diputado Edgardo Reguera, autoridades de Federaci\u00f3n de Colectividades, funcionarios municipales y representantes de Colectividades. El acto comenz\u00f3 con la presentaci\u00f3n de las Banderas de Ceremonia y la entonaci\u00f3n de las estrofas del Himno Nacional Argentino. Posteriormente, se dio paso a las palabras alusivas. Durante el acto, Miranda Ma\u00f1ak, en representaci\u00f3n de la Colectividad Checa, y Rosa Koleff, de la Colectividad B\u00falgara, compartieron sus reflexiones sobre la importancia de mantener vivas las ra\u00edces, tradiciones y costumbres que enriquecen a nuestra comunidad.Tambi\u00e9n particip\u00f3 Silvia Mac\u00edas, en representaci\u00f3n de la Municipalidad, quien comparti\u00f3 un poema alusivo a la fecha. La jornada finaliz\u00f3 con un cierre institucional, reafirmando el valor de la diversidad cultural y el legado de quienes, provenientes de distintos lugares del mundo, contribuyeron a construir la historia de Presidencia Roque S\u00e1enz Pe\u00f1a."}