{"version":"1.0","provider_name":"CHACODIAPORDIA.COM","provider_url":"https:\/\/chacodiapordia.com\/en","title":"Pepe Mujica revel\u00f3 que tiene c\u00e1ncer de es\u00f3fago - CHACODIAPORDIA.COM","type":"rich","width":600,"height":338,"html":"<blockquote class=\"wp-embedded-content\" data-secret=\"ToSOkbSghQ\"><a href=\"https:\/\/chacodiapordia.com\/en\/pepe-mujica-revelo-que-tiene-cancer-de-esofago\/\">Pepe Mujica revel\u00f3 que tiene c\u00e1ncer de es\u00f3fago<\/a><\/blockquote><iframe sandbox=\"allow-scripts\" security=\"restricted\" src=\"https:\/\/chacodiapordia.com\/en\/pepe-mujica-revelo-que-tiene-cancer-de-esofago\/embed\/#?secret=ToSOkbSghQ\" width=\"600\" height=\"338\" title=\"&#8220;Pepe Mujica revel\u00f3 que tiene c\u00e1ncer de es\u00f3fago&#8221; &#8212; CHACODIAPORDIA.COM\" data-secret=\"ToSOkbSghQ\" frameborder=\"0\" marginwidth=\"0\" marginheight=\"0\" scrolling=\"no\" class=\"wp-embedded-content\"><\/iframe><script type=\"text\/javascript\">\n\/* <![CDATA[ *\/\n\/*! This file is auto-generated *\/\n!function(d,l){\"use strict\";l.querySelector&&d.addEventListener&&\"undefined\"!=typeof URL&&(d.wp=d.wp||{},d.wp.receiveEmbedMessage||(d.wp.receiveEmbedMessage=function(e){var t=e.data;if((t||t.secret||t.message||t.value)&&!\/[^a-zA-Z0-9]\/.test(t.secret)){for(var s,r,n,a=l.querySelectorAll('iframe[data-secret=\"'+t.secret+'\"]'),o=l.querySelectorAll('blockquote[data-secret=\"'+t.secret+'\"]'),c=new RegExp(\"^https?:$\",\"i\"),i=0;i<o.length;i++)o[i].style.display=\"none\";for(i=0;i<a.length;i++)s=a[i],e.source===s.contentWindow&&(s.removeAttribute(\"style\"),\"height\"===t.message?(1e3<(r=parseInt(t.value,10))?r=1e3:~~r<200&&(r=200),s.height=r):\"link\"===t.message&&(r=new URL(s.getAttribute(\"src\")),n=new URL(t.value),c.test(n.protocol))&&n.host===r.host&&l.activeElement===s&&(d.top.location.href=t.value))}},d.addEventListener(\"message\",d.wp.receiveEmbedMessage,!1),l.addEventListener(\"DOMContentLoaded\",function(){for(var e,t,s=l.querySelectorAll(\"iframe.wp-embedded-content\"),r=0;r<s.length;r++)(t=(e=s[r]).getAttribute(\"data-secret\"))||(t=Math.random().toString(36).substring(2,12),e.src+=\"#?secret=\"+t,e.setAttribute(\"data-secret\",t)),e.contentWindow.postMessage({message:\"ready\",secret:t},\"*\")},!1)))}(window,document);\n\/\/# sourceURL=https:\/\/chacodiapordia.com\/wp-includes\/js\/wp-embed.min.js\n\/* ]]> *\/\n<\/script>","thumbnail_url":"https:\/\/chacodiapordia.com\/wp-content\/uploads\/2024\/04\/Pepe.jpg","thumbnail_width":800,"thumbnail_height":600,"description":"Mujica relat\u00f3, en conferencia de prensa, que el viernes se realiz\u00f3 estudios en el centro m\u00e9dico Casmu donde fue detectado el tumor alojado en su es\u00f3fago. \u201cEs doblemente comprometido en mi caso porque tengo una enfermedad inmunol\u00f3gica hace 20 a\u00f1os que me afect\u00f3 los ri\u00f1ones\u201d, dijo. La condici\u00f3n m\u00e9dica del expresidente, muy activo en la campa\u00f1a del precandidato a la Presidencia Yamand\u00fa Orsi, provoca que haya dificultades para que el dirigente de izquierda reciba tratamiento radiol\u00f3gico y qu\u00edmico. &#8220;En mi vida m\u00e1s de una vez anduvo la parca rondando el catre, pero me sigui\u00f3 pastoreando todos estos a\u00f1os. Esta vez viene con la guada\u00f1a en lustre&#8221;, sostuvo. \u201cVeremos qu\u00e9 pasa\u201d, agreg\u00f3 y se comprometi\u00f3 a &#8220;seguir militando&#8221; mientras pueda. &#8220;Estoy agradecido, y al fin y al cabo, qui\u00e9n me quita lo bailado&#8221;, subray\u00f3. El expresidente Mujica dedic\u00f3 el fragmento final de su alocuci\u00f3n para hablarle a los j\u00f3venes uruguayos. &#8220;Quiero s\u00ed agradecerles y, adem\u00e1s, transmitirles a las pibas y pibes de este pa\u00eds, a los j\u00f3venes, que la vida es hermosa, que se gasta y se va. El quid de la cuesti\u00f3n de triunfar en la vida es volver a empezar cada vez que uno cae. Y que, si hay bronca, que la transforme por la esperanza&#8221;, les pidi\u00f3. &#8220;Que luchen por el amor. No se dejen engatusar por el odio. Si los llega a atrapar la droga, no se queden solos. Nadie se salva solo. Pidan colaboraci\u00f3n, luchen. La \u00fanica libertad est\u00e1 en la cabeza y se llama voluntad. Y si no la utilizamos, no somos libres. Esto hay que entenderlo&#8221;, termin\u00f3. Poco despu\u00e9s del mensaje de Jos\u00e9 Mujica, el Frente Amplio reaccion\u00f3 en redes sociales. &#8220;\u00a1Arriba Pepe querido!&#8221;, public\u00f3 en X (antes Twitter). \u00c1mbito"}