{"version":"1.0","provider_name":"CHACODIAPORDIA.COM","provider_url":"https:\/\/chacodiapordia.com\/en","title":"Pedro Aznar tocar\u00e1 en Resistencia en septiembre - CHACODIAPORDIA.COM","type":"rich","width":600,"height":338,"html":"<blockquote class=\"wp-embedded-content\" data-secret=\"wOsxvTY2Lj\"><a href=\"https:\/\/chacodiapordia.com\/en\/pedro-aznar-tocara-en-resistencia-en-septiembre\/\">Pedro Aznar tocar\u00e1 en Resistencia en septiembre<\/a><\/blockquote><iframe sandbox=\"allow-scripts\" security=\"restricted\" src=\"https:\/\/chacodiapordia.com\/en\/pedro-aznar-tocara-en-resistencia-en-septiembre\/embed\/#?secret=wOsxvTY2Lj\" width=\"600\" height=\"338\" title=\"&#8220;Pedro Aznar tocar\u00e1 en Resistencia en septiembre&#8221; &#8212; CHACODIAPORDIA.COM\" data-secret=\"wOsxvTY2Lj\" frameborder=\"0\" marginwidth=\"0\" marginheight=\"0\" scrolling=\"no\" class=\"wp-embedded-content\"><\/iframe><script type=\"text\/javascript\">\n\/* <![CDATA[ *\/\n\/*! This file is auto-generated *\/\n!function(d,l){\"use strict\";l.querySelector&&d.addEventListener&&\"undefined\"!=typeof URL&&(d.wp=d.wp||{},d.wp.receiveEmbedMessage||(d.wp.receiveEmbedMessage=function(e){var t=e.data;if((t||t.secret||t.message||t.value)&&!\/[^a-zA-Z0-9]\/.test(t.secret)){for(var s,r,n,a=l.querySelectorAll('iframe[data-secret=\"'+t.secret+'\"]'),o=l.querySelectorAll('blockquote[data-secret=\"'+t.secret+'\"]'),c=new RegExp(\"^https?:$\",\"i\"),i=0;i<o.length;i++)o[i].style.display=\"none\";for(i=0;i<a.length;i++)s=a[i],e.source===s.contentWindow&&(s.removeAttribute(\"style\"),\"height\"===t.message?(1e3<(r=parseInt(t.value,10))?r=1e3:~~r<200&&(r=200),s.height=r):\"link\"===t.message&&(r=new URL(s.getAttribute(\"src\")),n=new URL(t.value),c.test(n.protocol))&&n.host===r.host&&l.activeElement===s&&(d.top.location.href=t.value))}},d.addEventListener(\"message\",d.wp.receiveEmbedMessage,!1),l.addEventListener(\"DOMContentLoaded\",function(){for(var e,t,s=l.querySelectorAll(\"iframe.wp-embedded-content\"),r=0;r<s.length;r++)(t=(e=s[r]).getAttribute(\"data-secret\"))||(t=Math.random().toString(36).substring(2,12),e.src+=\"#?secret=\"+t,e.setAttribute(\"data-secret\",t)),e.contentWindow.postMessage({message:\"ready\",secret:t},\"*\")},!1)))}(window,document);\n\/\/# sourceURL=https:\/\/chacodiapordia.com\/wp-includes\/js\/wp-embed.min.js\n\/* ]]> *\/\n<\/script>","thumbnail_url":"https:\/\/chacodiapordia.com\/wp-content\/uploads\/2024\/08\/Pedro-Aznar-Prensa-ok.jpg","thumbnail_width":800,"thumbnail_height":528,"description":"La gira Pedro Aznar 5.0 llegar\u00e1 al NEA junto a la producci\u00f3n de M\u00fasica sin Etiquetas y Mundo Eventos, asociados con Rafer Producciones en Misiones y Cangrejo Rojo en Formosa. Los conciertos ser\u00e1n 3 y arrancan el jueves 26 de septiembre, en Resistencia, Chaco, Auditorio Domo del Centenario; el viernes 27 de septiembre en Formosa, Teatro de la Ciudad y Posadas, el s\u00e1bado 28, en el Teatro Montoya. Con su extraordinaria banda formada por Alejandro Oliva en percusi\u00f3n, Juli\u00e1n Semprini en bater\u00eda, Mat\u00edas Matino en teclados y Sebasti\u00e1n Henr\u00edquez en guitarras, Pedro Aznar realizar\u00e1 un tour hist\u00f3rico e imperdible reflejando una vida de m\u00fasica que tambi\u00e9n define parte de nuestra identidad en cada canci\u00f3n. Las entradas de Resistencia y Formosa pueden adquirirse en&nbsp;www.butacauno.com.ar&nbsp;&nbsp;y en su punto de venta f\u00edsico en Resistencia, Frondizi 33, segundo piso, oficina 12. En Formosa Grupo Mozart, Espa\u00f1a 415, de lunes a jueves de 16 a 21 hs y viernes de 17 a 20:30 hs. Online en&nbsp;www.butacauno.com.ar. En Posadas en misionesonline y boleter\u00eda del Teatro Montoya La carrera de Pedro Aznar abarca varias generaciones, que han vivido junto a su repertorio y lo han convertido en un pilar irremplazable de nuestra m\u00fasica popular argentina. Su impacto no s\u00f3lo en el pa\u00eds sino a nivel internacional dan cuenta de un valioso legado que todav\u00eda sigue creciendo. Este tour \u201cPedro Aznar 5.0 &#8211; 50 A\u00f1os de M\u00fasica\u201d seguir\u00e1 por las principales ciudades del pa\u00eds, para luego viajar a Europa y recorrer Latinoam\u00e9rica. Shows internacionales Aznar se presentar\u00e1 el 27 de octubre en Ginebra, Suiza; el 28 en Dubl\u00edn, Irlanda; el 29 en Londres, Inglaterra; el 2 de noviembre en Barcelona, Espa\u00f1a; el 4 de noviembre en Valencia, el 5 en Madrid y el 7 en Mallorca; el 10 de noviembre en M\u00e1laga y el 16 en Santiago de Chile.&nbsp; Un poco de historia Pedro Aznar fue integrante de los grupos Madre At\u00f3mica, Alas, Seru Giran y Pat Metheny Group. Fue y es convocado por innumerables artistas con quienes ha grabado, producido y compartido escenario: Luis Alberto Spinetta, Mercedes Sosa, Fito Paez, Leda Valladares, Lila Downs, Pablo Milanes, Caetano Veloso, Jairo, Soda Stereo, Juan Manuel Serrat, Gal Costa, Leon Gieco, Roger Waters y Shakira, por nombrar algunos de ellos. Ha ganado tres Premios Grammy a la \u201cMejor performance de jazz contempor\u00e1neo\u201d, con el Pat Metheny Group!. Tambi\u00e9n ha compuesto y grabado m\u00fasica de pel\u00edculas de los directores de cine: Eliseo Subiela, Javier Torre, Beda Docampo Feijoo, N\u00e9stor Montalbano entre otros y recibi\u00f3 por estas creaciones varios premios C\u00f3ndor de Plata. Asimismo, musicaliz\u00f3 obras de Teatro y danza. Cuenta con la edici\u00f3n de veintid\u00f3s discos como solista y m\u00e1s de cien con otros artistas. Con Charly Garcia, grab\u00f3 dos discos: Tango y Tango 4. Grab\u00f3 y co-produjo con Shakira dos canciones para la banda de sonido de la pel\u00edcula \u201cEl amor en tiempos de c\u00f3lera\u201d, basada en el libro hom\u00f3nimo de Gabriel Garc\u00eda M\u00e1rquez. Grab\u00f3 con Roger Waters una canci\u00f3n para la Fundaci\u00f3n Alas. La grabaci\u00f3n, hecha en los estudios Looking Glass de la ciudad de Nueva York, cuenta tambi\u00e9n con la participaci\u00f3n de Gustavo Cerati y varios artistas invitados. Tiene dos libros de poemas publicados: Prueba de Fuego y Dos Pasajes a La Noche. Realiz\u00f3 giras por Argentina, Chile, Brasil, Uruguay, Paraguay, Bolivia, M\u00e9xico, China y Estados Unidos, entre otros destinos. Recibi\u00f3 la distinci\u00f3n de \u201cPersonalidad Destacada de la Cultura\u201d de la Ciudad de Buenos Aires en el Sal\u00f3n Dorado del Palacio de la Legislatura. Fue reconocido con tres Premios Grammy, varios Premios Gardel, Premio Konex y dos Premios Clar\u00edn. + Info Instagram\/Musicasinetiquetas&nbsp;&nbsp;&nbsp;&nbsp;&nbsp;&nbsp;&nbsp;&nbsp;&nbsp;&nbsp;&nbsp;&nbsp;&nbsp;&nbsp;&nbsp;&nbsp;&nbsp;&nbsp;&nbsp;&nbsp;"}