{"version":"1.0","provider_name":"CHACODIAPORDIA.COM","provider_url":"https:\/\/chacodiapordia.com\/en","title":"Muri\u00f3 un andinista eslovaco en el cerro Aconcagua - CHACODIAPORDIA.COM","type":"rich","width":600,"height":338,"html":"<blockquote class=\"wp-embedded-content\" data-secret=\"FnTFEiF4P0\"><a href=\"https:\/\/chacodiapordia.com\/en\/murio-un-andinista-eslovaco-en-el-cerro-aconcagua\/\">Muri\u00f3 un andinista eslovaco en el cerro Aconcagua<\/a><\/blockquote><iframe sandbox=\"allow-scripts\" security=\"restricted\" src=\"https:\/\/chacodiapordia.com\/en\/murio-un-andinista-eslovaco-en-el-cerro-aconcagua\/embed\/#?secret=FnTFEiF4P0\" width=\"600\" height=\"338\" title=\"&#8220;Muri\u00f3 un andinista eslovaco en el cerro Aconcagua&#8221; &#8212; CHACODIAPORDIA.COM\" data-secret=\"FnTFEiF4P0\" frameborder=\"0\" marginwidth=\"0\" marginheight=\"0\" scrolling=\"no\" class=\"wp-embedded-content\"><\/iframe><script type=\"text\/javascript\">\n\/* <![CDATA[ *\/\n\/*! This file is auto-generated *\/\n!function(d,l){\"use strict\";l.querySelector&&d.addEventListener&&\"undefined\"!=typeof URL&&(d.wp=d.wp||{},d.wp.receiveEmbedMessage||(d.wp.receiveEmbedMessage=function(e){var t=e.data;if((t||t.secret||t.message||t.value)&&!\/[^a-zA-Z0-9]\/.test(t.secret)){for(var s,r,n,a=l.querySelectorAll('iframe[data-secret=\"'+t.secret+'\"]'),o=l.querySelectorAll('blockquote[data-secret=\"'+t.secret+'\"]'),c=new RegExp(\"^https?:$\",\"i\"),i=0;i<o.length;i++)o[i].style.display=\"none\";for(i=0;i<a.length;i++)s=a[i],e.source===s.contentWindow&&(s.removeAttribute(\"style\"),\"height\"===t.message?(1e3<(r=parseInt(t.value,10))?r=1e3:~~r<200&&(r=200),s.height=r):\"link\"===t.message&&(r=new URL(s.getAttribute(\"src\")),n=new URL(t.value),c.test(n.protocol))&&n.host===r.host&&l.activeElement===s&&(d.top.location.href=t.value))}},d.addEventListener(\"message\",d.wp.receiveEmbedMessage,!1),l.addEventListener(\"DOMContentLoaded\",function(){for(var e,t,s=l.querySelectorAll(\"iframe.wp-embedded-content\"),r=0;r<s.length;r++)(t=(e=s[r]).getAttribute(\"data-secret\"))||(t=Math.random().toString(36).substring(2,12),e.src+=\"#?secret=\"+t,e.setAttribute(\"data-secret\",t)),e.contentWindow.postMessage({message:\"ready\",secret:t},\"*\")},!1)))}(window,document);\n\/\/# sourceURL=https:\/\/chacodiapordia.com\/wp-includes\/js\/wp-embed.min.js\n\/* ]]> *\/\n<\/script>","thumbnail_url":"https:\/\/chacodiapordia.com\/wp-content\/uploads\/2024\/02\/andes.jpg","thumbnail_width":800,"thumbnail_height":600,"description":"Seg\u00fan un reporte policial difundido por la cartera de Seguridad mendocina, el hecho ocurri\u00f3 cuando el andinista sali\u00f3 ayer a la cumbre del Cerro Aconcagua, en solitario, y hasta pasada la medianoche no hab\u00eda regresado al campamento en Nido de C\u00f3ndores (5.350 m.s.n.m.), donde ten\u00eda su carpa. Personal de la Patrulla de Rescate comenz\u00f3 a hacer averiguaciones y hablaron con un grupo de andinistas chilenos, que tambi\u00e9n hab\u00eda ido a la cumbre. Los deportistas contaron que vieron al eslovaco por \u00faltima vez descendiendo por la zona denominada &#8220;filo del guanaco&#8221; a 6.900 metros de altura. En tanto, los rescatistas salieron a las 3 de la madrugada en procura del andinista, identificado por las autoridades locales como Peter Knapo (39), y en la zona denominada &#8220;Canaleta&#8221; a a 6.730 m.s.n.m, lo observaron tendido sobre las rocas y hielo, ya sin signos vitales. Los efectivos solicitaron directivas a la oficina fiscal 15 y se dispuso que se realicen todas las medidas de rigor, comenzando por el levantamiento del cuerpo, que fue recuperado por cuatro rescatistas. El Aconcagua, ubicado en el noroeste de la provincia de Mendoza, es el cerro m\u00e1s alto del hemisferio occidental; la actual temporada es la habilitada para ascensos y ya se han registrado cinco v\u00edctimas fatales. Seg\u00fan consignan medios especializados en monta\u00f1ismo, la temporada Aconcagua presenta obst\u00e1culos considerables para quienes buscan alcanzar la cima de 6,960.8 metros, signada por condiciones clim\u00e1ticas extremas e intensos vientos. T\u00e9lam"}