{"version":"1.0","provider_name":"CHACODIAPORDIA.COM","provider_url":"https:\/\/chacodiapordia.com\/en","title":"Muri\u00f3 Beatriz Sarlo a los 82 a\u00f1os - CHACODIAPORDIA.COM","type":"rich","width":600,"height":338,"html":"<blockquote class=\"wp-embedded-content\" data-secret=\"ePR7uDptpL\"><a href=\"https:\/\/chacodiapordia.com\/en\/murio-beatriz-sarlo-a-los-82-anos\/\">Muri\u00f3 Beatriz Sarlo a los 82 a\u00f1os<\/a><\/blockquote><iframe sandbox=\"allow-scripts\" security=\"restricted\" src=\"https:\/\/chacodiapordia.com\/en\/murio-beatriz-sarlo-a-los-82-anos\/embed\/#?secret=ePR7uDptpL\" width=\"600\" height=\"338\" title=\"&#8220;Muri\u00f3 Beatriz Sarlo a los 82 a\u00f1os&#8221; &#8212; CHACODIAPORDIA.COM\" data-secret=\"ePR7uDptpL\" frameborder=\"0\" marginwidth=\"0\" marginheight=\"0\" scrolling=\"no\" class=\"wp-embedded-content\"><\/iframe><script type=\"text\/javascript\">\n\/* <![CDATA[ *\/\n\/*! This file is auto-generated *\/\n!function(d,l){\"use strict\";l.querySelector&&d.addEventListener&&\"undefined\"!=typeof URL&&(d.wp=d.wp||{},d.wp.receiveEmbedMessage||(d.wp.receiveEmbedMessage=function(e){var t=e.data;if((t||t.secret||t.message||t.value)&&!\/[^a-zA-Z0-9]\/.test(t.secret)){for(var s,r,n,a=l.querySelectorAll('iframe[data-secret=\"'+t.secret+'\"]'),o=l.querySelectorAll('blockquote[data-secret=\"'+t.secret+'\"]'),c=new RegExp(\"^https?:$\",\"i\"),i=0;i<o.length;i++)o[i].style.display=\"none\";for(i=0;i<a.length;i++)s=a[i],e.source===s.contentWindow&&(s.removeAttribute(\"style\"),\"height\"===t.message?(1e3<(r=parseInt(t.value,10))?r=1e3:~~r<200&&(r=200),s.height=r):\"link\"===t.message&&(r=new URL(s.getAttribute(\"src\")),n=new URL(t.value),c.test(n.protocol))&&n.host===r.host&&l.activeElement===s&&(d.top.location.href=t.value))}},d.addEventListener(\"message\",d.wp.receiveEmbedMessage,!1),l.addEventListener(\"DOMContentLoaded\",function(){for(var e,t,s=l.querySelectorAll(\"iframe.wp-embedded-content\"),r=0;r<s.length;r++)(t=(e=s[r]).getAttribute(\"data-secret\"))||(t=Math.random().toString(36).substring(2,12),e.src+=\"#?secret=\"+t,e.setAttribute(\"data-secret\",t)),e.contentWindow.postMessage({message:\"ready\",secret:t},\"*\")},!1)))}(window,document);\n\/\/# sourceURL=https:\/\/chacodiapordia.com\/wp-includes\/js\/wp-embed.min.js\n\/* ]]> *\/\n<\/script>","thumbnail_url":"https:\/\/chacodiapordia.com\/wp-content\/uploads\/2024\/12\/Beatriz.jpg","thumbnail_width":800,"thumbnail_height":600,"description":"La periodista, escritora y ensayista Beatriz Sarlo, quien se destac\u00f3 en la cr\u00edtica literaria y cultural y supo ser una figura ic\u00f3nica de la literatura argentina, muri\u00f3 a los 82 a\u00f1os. Sarlo naci\u00f3 el 29 de marzo de 1942 en Buenos Aires. Hija de Sa\u00fal Sarlo Sabajanes y de Leocadia Beatriz del R\u00edo, se recibi\u00f3 a los 26 a\u00f1os de licenciada en Letras tras estudiar en la Universidad de Buenos Aires. Sus trabajos recibieron importantes reconocimientos como el Premio Konex de Platino, el Premio Pluma de Honor de la Academia Nacional de Periodismo de la Argentina y del Premio Internacional \u201cPedro Henr\u00edquez Ure\u00f1a\u201d 2015 otorgado por la Rep\u00fablica Dominicana. Nacida en Buenos Aires como \u00fanica hija de padres j\u00f3venes, nieta de inmigrantes italianos y espa\u00f1oles por el lado de la madre, y de argentinos por el del padre, de adolescente fue peronista, una reacci\u00f3n contra un padre al que insist\u00eda en definir como un \u201cgorila liberal\u201d que la inici\u00f3 en \u201ccierta actitud de pugilista\u201d. Milit\u00f3 en la CGT de los Argentinos, el Partido Comunista Revolucionario, asesor\u00f3 a Elisa Carri\u00f3, Graciela Fern\u00e1ndez Meijide y al socialismo. Dio clases aqu\u00ed, en Estados Unidos y Europa. Siempre volvi\u00f3. \u201cNo puedo estar m\u00e1s de ocho meses fuera de Argentina\u201d, dijo m\u00e1s de una vez. De acuerdo al perfil que hizo en 2004 la Fundaci\u00f3n Konex antes de darle la distinci\u00f3n de Platino, los ensayos de Sarlo abarcan la historia intelectual, la cultura urbana y popular, la historia literaria y la cr\u00edtica. Entre sus libros se cuentan: El imperio de los sentimientos; Una modernidad perif\u00e9rica; La imaginaci\u00f3n t\u00e9cnica; Escenas de la vida posmoderna. Intelectuales, arte y videocultura; Borges, un escritor en las orillas; Ensayos argentinos: De Sarmiento a la vanguardia (en colaboraci\u00f3n con Carlos Altamirano); La M\u00e1quina cultural: maestras, traductores y vanguardias; Siete ensayos sobre Walter Benjamin; La batalla de las ideas; La pasi\u00f3n y la excepci\u00f3n; Escritos sobre literatura argentina; La ciudad vista. Mercanc\u00edas y cultura urbana; y Ficciones argentinas. Sus obras fueron traducidos al portugu\u00e9s, ingl\u00e9s, italiano y alem\u00e1n. Dirigi\u00f3 la Revista Punto de Vista (PK). Distinguida a la Trayectoria FNA. Condecorada con la Ordem do Merito Cultural (Brasil). Se defin\u00eda como agn\u00f3stica. A fines de los &#8217;60 empez\u00f3 a trabajar en el Centro Editor de Am\u00e9rica Latina. Entre 1972 y 1976 form\u00f3 parte de la direcci\u00f3n de la revista Los Libros. Durante treinta a\u00f1os (1978-2008) dirigi\u00f3 la revista Punto de vista, \u00f3rgano de divulgaci\u00f3n de nuevos enfoques te\u00f3ricos en el campo de las ciencias sociales y los estudios sobre cultura y literatura. Escribe en los diarios La Naci\u00f3n y Perfil y en la revista Noticias. Una vez recuperada la democracia a fines de 1983, fue profesora de Literatura Argentina en la Facultad de Filosof\u00eda y Letras de la Universidad de Buenos Aires hasta 2003. Dict\u00f3 cursos en las Universidades de Columbia, Berkeley, Maryland, Harvard y Minnesotta (EE.UU.); y en Cambridge (Inglaterra). Fue Investigadora del CONICET (PK) y docente de la UBA. Recibi\u00f3 las becas Woodrow Wilson Center (EE.UU.) y Guggenheim. Fue miembro del Wissenschaftskolleg de Berl\u00edn. En marz\u00f3 de 2024, junto a un grupo de artistas, docentes, cient\u00edficos y escritores, firm\u00f3 una solicitada que denunciaba el \u201cataque sistem\u00e1tico\u201d del gobierno de Javier Milei \u201ca la cultura, la ciencia y la educaci\u00f3n\u201d y en repudio a los despidos que se registraron en la Biblioteca Nacional y al congelamiento de su presupuesto. En 2021 se vio envuelta en una controversia al asegurar en una entrevista que las Islas Malvina eran \u201cun territorio brit\u00e1nico, lo m\u00e1s parecido al sur de Escocia\u201d y remarcar que haber enviado tropas a las Islas \u201ces un acto que no hay habitante que no viva como una invasi\u00f3n: Galtieri invadi\u00f3 las Malvinas reivindicando tierras que, aparentemente, fueron de la Argentina en la d\u00e9cada del &#8217;30 del siglo XIX. Es decir, cuando a\u00fan no estaba unificada como pa\u00eds. Cuando a\u00fan no ten\u00eda Constituci\u00f3n. Todav\u00eda hoy se agita eso cada vez que se quiere hacer cierta propaganda nacional\u201d. Y agreg\u00f3: \u201cYa saben que soy una vendepatria. Me importa muy poco la pol\u00e9mica que se genere con un promalvinero. Lo mandar\u00eda a vivir 6 meses a las Malvinas y trabajar ah\u00ed. La gente, cuando dice que las Malvinas son argentinas, no se sienta ni un minuto a pensar qu\u00e9 son las Malvinas. Galtieri mand\u00f3 tropas a Malvinas y eso fue un acto nacional psic\u00f3tico\u201d, dijo en aquella ocasi\u00f3n, lo que gener\u00f3 la reacci\u00f3n de diversas personalidades del pa\u00eds. elDiarioAR"}