{"version":"1.0","provider_name":"CHACODIAPORDIA.COM","provider_url":"https:\/\/chacodiapordia.com\/en","title":"Melocot\u00f3n, Feria de alfajores y dulces del Cecual - CHACODIAPORDIA.COM","type":"rich","width":600,"height":338,"html":"<blockquote class=\"wp-embedded-content\" data-secret=\"UzzGQQEdoZ\"><a href=\"https:\/\/chacodiapordia.com\/en\/melocoton-feria-de-alfajores-y-dulces-del-cecual\/\">Melocot\u00f3n, Feria de alfajores y dulces del Cecual<\/a><\/blockquote><iframe sandbox=\"allow-scripts\" security=\"restricted\" src=\"https:\/\/chacodiapordia.com\/en\/melocoton-feria-de-alfajores-y-dulces-del-cecual\/embed\/#?secret=UzzGQQEdoZ\" width=\"600\" height=\"338\" title=\"&#8220;Melocot\u00f3n, Feria de alfajores y dulces del Cecual&#8221; &#8212; CHACODIAPORDIA.COM\" data-secret=\"UzzGQQEdoZ\" frameborder=\"0\" marginwidth=\"0\" marginheight=\"0\" scrolling=\"no\" class=\"wp-embedded-content\"><\/iframe><script type=\"text\/javascript\">\n\/* <![CDATA[ *\/\n\/*! This file is auto-generated *\/\n!function(d,l){\"use strict\";l.querySelector&&d.addEventListener&&\"undefined\"!=typeof URL&&(d.wp=d.wp||{},d.wp.receiveEmbedMessage||(d.wp.receiveEmbedMessage=function(e){var t=e.data;if((t||t.secret||t.message||t.value)&&!\/[^a-zA-Z0-9]\/.test(t.secret)){for(var s,r,n,a=l.querySelectorAll('iframe[data-secret=\"'+t.secret+'\"]'),o=l.querySelectorAll('blockquote[data-secret=\"'+t.secret+'\"]'),c=new RegExp(\"^https?:$\",\"i\"),i=0;i<o.length;i++)o[i].style.display=\"none\";for(i=0;i<a.length;i++)s=a[i],e.source===s.contentWindow&&(s.removeAttribute(\"style\"),\"height\"===t.message?(1e3<(r=parseInt(t.value,10))?r=1e3:~~r<200&&(r=200),s.height=r):\"link\"===t.message&&(r=new URL(s.getAttribute(\"src\")),n=new URL(t.value),c.test(n.protocol))&&n.host===r.host&&l.activeElement===s&&(d.top.location.href=t.value))}},d.addEventListener(\"message\",d.wp.receiveEmbedMessage,!1),l.addEventListener(\"DOMContentLoaded\",function(){for(var e,t,s=l.querySelectorAll(\"iframe.wp-embedded-content\"),r=0;r<s.length;r++)(t=(e=s[r]).getAttribute(\"data-secret\"))||(t=Math.random().toString(36).substring(2,12),e.src+=\"#?secret=\"+t,e.setAttribute(\"data-secret\",t)),e.contentWindow.postMessage({message:\"ready\",secret:t},\"*\")},!1)))}(window,document);\n\/\/# sourceURL=https:\/\/chacodiapordia.com\/wp-includes\/js\/wp-embed.min.js\n\/* ]]> *\/\n<\/script>","thumbnail_url":"https:\/\/chacodiapordia.com\/wp-content\/uploads\/2024\/06\/imagen_2024-06-10_165715049.jpg","thumbnail_width":800,"thumbnail_height":601,"description":"La Feria Melocot\u00f3n reunir\u00e1 a productores de distintos puntos de nuestra provincia. Ser\u00e1 un espacio para encontrarse de cerca con los productores de delicias que incluyen frutos regionales como el mam\u00f3n y la algarroba, adem\u00e1s de opciones de dulces libres de gluten. Algunos de los Alfajores que participar\u00e1n el s\u00e1bado son: Nina Alfajores, La Tana Alfajores, La T\u00eda (Alfajores), Las Sugar (Alfajores), Libre de Gluten (dulces y alfajores), Mar\u00eda Pipi (Alfajores), \u00a0\u00a0Fan \u00a0de \u00a0\u00a0lo \u00a0dulce \u00a0\u00a0(dulces \u00a0\u00a0y \u00a0alfajores), \u00a0\u00a0Maggiorina \u00a0\u00a0Fatto \u00a0in \u00a0\u00a0casa, \u00a0Alfajores Artesanales, Dolce Brisa (Alfajores), Isla del Cerrito (dulces), Amanecer (dulces), Dulce Abril (dulces), Buena semilla (dulces y alfajores), Miel Tesoro del Monte. Entre los organizadores se cuenta el Almac\u00e9n Popular, uno de los espacios permanentes de la casa cecualera, que est\u00e1 abierto al p\u00fablico de lunes a s\u00e1bados, en horario de 9 a 12 y de 17 a 21. Aqu\u00ed, \u00a0\u00a0los \u00a0\u00a0visitantes \u00a0\u00a0pueden \u00a0\u00a0encontrar \u00a0\u00a0una \u00a0\u00a0amplia \u00a0\u00a0variedad \u00a0\u00a0de \u00a0\u00a0productos \u00a0\u00a0locales \u00a0\u00a0y regionales, que incluyen conservas, dulces, alimentos saludables, plantas arom\u00e1ticas. y ornamentales, productos textiles, as\u00ed como hortalizas y verduras agroecol\u00f3gicas. Este espacio \u00a0\u00a0representa \u00a0\u00a0un \u00a0\u00a0compromiso \u00a0\u00a0con \u00a0\u00a0la \u00a0\u00a0comunidad \u00a0\u00a0y \u00a0\u00a0la \u00a0\u00a0promoci\u00f3n \u00a0\u00a0de \u00a0\u00a0pr\u00e1cticas sustentables que enriquecer\u00e1n nuestra regi\u00f3n. Adem\u00e1s, \u00a0\u00a0durante \u00a0\u00a0la \u00a0\u00a0feria \u00a0\u00a0se \u00a0\u00a0podr\u00e1 \u00a0\u00a0disfrutar \u00a0\u00a0de \u00a0\u00a0otros \u00a0\u00a0espacios \u00a0\u00a0del \u00a0\u00a0Centro \u00a0\u00a0Cultural Alternativo como el Alternativo espacio de arte+dise\u00f1o y el caf\u00e9 Delicias para el Alma. La entrada es libre y gratuita."}