{"version":"1.0","provider_name":"CHACODIAPORDIA.COM","provider_url":"https:\/\/chacodiapordia.com\/en","title":"'Locomotora' Oliveras sigue \"estable y con pron\u00f3stico reservado\" - CHACODIAPORDIA.COM","type":"rich","width":600,"height":338,"html":"<blockquote class=\"wp-embedded-content\" data-secret=\"aqBTKeHUar\"><a href=\"https:\/\/chacodiapordia.com\/en\/locomotora-oliveras-sigue-estable-y-con-pronostico-reservado\/\">&#8216;Locomotora&#8217; Oliveras sigue &#8220;estable y con pron\u00f3stico reservado&#8221;<\/a><\/blockquote><iframe sandbox=\"allow-scripts\" security=\"restricted\" src=\"https:\/\/chacodiapordia.com\/en\/locomotora-oliveras-sigue-estable-y-con-pronostico-reservado\/embed\/#?secret=aqBTKeHUar\" width=\"600\" height=\"338\" title=\"&#8220;&#8216;Locomotora&#8217; Oliveras sigue &#8220;estable y con pron\u00f3stico reservado&#8221;&#8221; &#8212; CHACODIAPORDIA.COM\" data-secret=\"aqBTKeHUar\" frameborder=\"0\" marginwidth=\"0\" marginheight=\"0\" scrolling=\"no\" class=\"wp-embedded-content\"><\/iframe><script type=\"text\/javascript\">\n\/* <![CDATA[ *\/\n\/*! This file is auto-generated *\/\n!function(d,l){\"use strict\";l.querySelector&&d.addEventListener&&\"undefined\"!=typeof URL&&(d.wp=d.wp||{},d.wp.receiveEmbedMessage||(d.wp.receiveEmbedMessage=function(e){var t=e.data;if((t||t.secret||t.message||t.value)&&!\/[^a-zA-Z0-9]\/.test(t.secret)){for(var s,r,n,a=l.querySelectorAll('iframe[data-secret=\"'+t.secret+'\"]'),o=l.querySelectorAll('blockquote[data-secret=\"'+t.secret+'\"]'),c=new RegExp(\"^https?:$\",\"i\"),i=0;i<o.length;i++)o[i].style.display=\"none\";for(i=0;i<a.length;i++)s=a[i],e.source===s.contentWindow&&(s.removeAttribute(\"style\"),\"height\"===t.message?(1e3<(r=parseInt(t.value,10))?r=1e3:~~r<200&&(r=200),s.height=r):\"link\"===t.message&&(r=new URL(s.getAttribute(\"src\")),n=new URL(t.value),c.test(n.protocol))&&n.host===r.host&&l.activeElement===s&&(d.top.location.href=t.value))}},d.addEventListener(\"message\",d.wp.receiveEmbedMessage,!1),l.addEventListener(\"DOMContentLoaded\",function(){for(var e,t,s=l.querySelectorAll(\"iframe.wp-embedded-content\"),r=0;r<s.length;r++)(t=(e=s[r]).getAttribute(\"data-secret\"))||(t=Math.random().toString(36).substring(2,12),e.src+=\"#?secret=\"+t,e.setAttribute(\"data-secret\",t)),e.contentWindow.postMessage({message:\"ready\",secret:t},\"*\")},!1)))}(window,document);\n\/\/# sourceURL=https:\/\/chacodiapordia.com\/wp-includes\/js\/wp-embed.min.js\n\/* ]]> *\/\n<\/script>","thumbnail_url":"https:\/\/chacodiapordia.com\/wp-content\/uploads\/2025\/07\/locomotora-oliveras-1.jpg","thumbnail_width":800,"thumbnail_height":543,"description":"La exboxeadora&nbsp;Alejandra &#8220;Locomotora&#8221; Oliveras contin\u00faa &#8220;estable y con pron\u00f3stico reservado&#8221;,&nbsp;a cinco d\u00edas de haber sufrido un&nbsp;ACV isqu\u00e9mico&nbsp;que puso en riesgo su vida, de acuerdo con el parte m\u00e9dico dado a conocer este s\u00e1bado. La juje\u00f1a, de 47 a\u00f1os, sigue internada en el Hospital Jos\u00e9 Mar\u00eda Cullen de esta ciudad, donde las autoridades confirmaron que&nbsp;\u201ccontin\u00faa en la Unidad de Terapia Intensiva y cursando el postoperatorio de craniectom\u00eda descompresiva\u201d. Asimismo, el m\u00e9dico agreg\u00f3 que&nbsp;\u201cse encuentra cl\u00ednicamente estable, con asistencia mec\u00e1nica respiratoria con monitoreo neurol\u00f3gico y el pron\u00f3stico sigue siendo reservado\u201d. Dicha cirug\u00eda se llev\u00f3 a cabo el mi\u00e9rcoles, al comprobarse un empeoramiento de su estado de salud, aunque seg\u00fan los facultativos Oliveras&nbsp;&#8220;tuvo una buena respuesta&#8221;&nbsp;a la intervenci\u00f3n, que consiste en la&nbsp;extirpaci\u00f3n de una parte del hueso del cr\u00e1neo para reducir la presi\u00f3n intracraneal. El lunes pasado, Oliveras sufri\u00f3 un ACV que afect\u00f3 la parte izquierda de su cuerpo, por lo que fue trasladada a un nosocomio en Santo Tom\u00e9, su lugar de residencia, aunque posteriormente -y debido a la gravedad del cuadro- fue derivada al Hospital Cullen. Ese mismo d\u00eda la exdeportista deb\u00eda participar del debate en el que se trata la&nbsp;reforma de la Constituci\u00f3n provincial,&nbsp;en representaci\u00f3n del Frente para la Esperanza. Noticias Argentinas"}