{"version":"1.0","provider_name":"CHACODIAPORDIA.COM","provider_url":"https:\/\/chacodiapordia.com\/en","title":"Javier Milei, el liberalismo al rev\u00e9s - CHACODIAPORDIA.COM","type":"rich","width":600,"height":338,"html":"<blockquote class=\"wp-embedded-content\" data-secret=\"fGcCvZtguk\"><a href=\"https:\/\/chacodiapordia.com\/en\/javier-milei-el-liberalismo-al-reves\/\">Javier Milei, el liberalismo al rev\u00e9s<\/a><\/blockquote><iframe sandbox=\"allow-scripts\" security=\"restricted\" src=\"https:\/\/chacodiapordia.com\/en\/javier-milei-el-liberalismo-al-reves\/embed\/#?secret=fGcCvZtguk\" width=\"600\" height=\"338\" title=\"&#8220;Javier Milei, el liberalismo al rev\u00e9s&#8221; &#8212; CHACODIAPORDIA.COM\" data-secret=\"fGcCvZtguk\" frameborder=\"0\" marginwidth=\"0\" marginheight=\"0\" scrolling=\"no\" class=\"wp-embedded-content\"><\/iframe><script type=\"text\/javascript\">\n\/* <![CDATA[ *\/\n\/*! This file is auto-generated *\/\n!function(d,l){\"use strict\";l.querySelector&&d.addEventListener&&\"undefined\"!=typeof URL&&(d.wp=d.wp||{},d.wp.receiveEmbedMessage||(d.wp.receiveEmbedMessage=function(e){var t=e.data;if((t||t.secret||t.message||t.value)&&!\/[^a-zA-Z0-9]\/.test(t.secret)){for(var s,r,n,a=l.querySelectorAll('iframe[data-secret=\"'+t.secret+'\"]'),o=l.querySelectorAll('blockquote[data-secret=\"'+t.secret+'\"]'),c=new RegExp(\"^https?:$\",\"i\"),i=0;i<o.length;i++)o[i].style.display=\"none\";for(i=0;i<a.length;i++)s=a[i],e.source===s.contentWindow&&(s.removeAttribute(\"style\"),\"height\"===t.message?(1e3<(r=parseInt(t.value,10))?r=1e3:~~r<200&&(r=200),s.height=r):\"link\"===t.message&&(r=new URL(s.getAttribute(\"src\")),n=new URL(t.value),c.test(n.protocol))&&n.host===r.host&&l.activeElement===s&&(d.top.location.href=t.value))}},d.addEventListener(\"message\",d.wp.receiveEmbedMessage,!1),l.addEventListener(\"DOMContentLoaded\",function(){for(var e,t,s=l.querySelectorAll(\"iframe.wp-embedded-content\"),r=0;r<s.length;r++)(t=(e=s[r]).getAttribute(\"data-secret\"))||(t=Math.random().toString(36).substring(2,12),e.src+=\"#?secret=\"+t,e.setAttribute(\"data-secret\",t)),e.contentWindow.postMessage({message:\"ready\",secret:t},\"*\")},!1)))}(window,document);\n\/\/# sourceURL=https:\/\/chacodiapordia.com\/wp-includes\/js\/wp-embed.min.js\n\/* ]]> *\/\n<\/script>","thumbnail_url":"https:\/\/chacodiapordia.com\/wp-content\/uploads\/2024\/04\/Milei-1.jpg","thumbnail_width":800,"thumbnail_height":600,"description":"De la misma manera en que el general Pinochet, al reivindicar el liberalismo econ\u00f3mico, lo convirti\u00f3 en ileg\u00edtimo, ahora estamos ante una situaci\u00f3n similar, a\u00fan m\u00e1s peligrosa. Sabemos que el presidente argentino se presenta como el profeta de la doctrina liberal y que pretende aplicarla sin reparo alguno. Si logra sacar a la Argentina de su atolladero econ\u00f3mico y pol\u00edtico, habr\u00e1 que agradec\u00e9rselo; habr\u00e1 demostrado que el liberalismo es la soluci\u00f3n a la pobreza, la discriminaci\u00f3n y la decadencia. \u00bfY si fracasa? El liberalismo no se recuperar\u00e1 hasta dentro de una generaci\u00f3n, el tiempo que tardemos en olvidar a este presidente extravagante. As\u00ed que espero que tenga \u00e9xito, pero lo dudo. No por pesimismo, sino porque me parece que entiende el liberalismo al rev\u00e9s de lo que realmente significa. El liberalismo es ante todo una filosof\u00eda de la sociedad y de la historia. Parte de la base de que el individuo, gracias a su esp\u00edritu emprendedor y su sentido moral, es m\u00e1s capaz de hacer que progresen \u00e9l mismo, su familia y la sociedad que el Estado. Pero, en ning\u00fan momento, ninguno de los grandes fil\u00f3sofos liberales, a excepci\u00f3n de algunas figuras marginales como Murray Rothbart, descarta el papel del Estado o ignora la historia o la existencia de la sociedad civil, siempre cargada de tensiones y contradicciones. Por lo tanto, un liberal reflexivo parte de la realidad y del reconocimiento de que, en los pa\u00edses, la mayor\u00eda no entiende qu\u00e9 es el liberalismo, no lo abraza espont\u00e1neamente y se inclina m\u00e1s por recurrir al Estado como protector supremo. Por esta raz\u00f3n, es pr\u00e1cticamente imposible ser elegido por sufragio universal con una plataforma estrictamente liberal. La elecci\u00f3n de Milei es una casualidad hist\u00f3rica, y a\u00fan no est\u00e1 claro si ha sido una suerte o una desgracia. Los argentinos que lo votaron quer\u00edan ante todo expresar su hast\u00edo y su rechazo a un estatismo social ineficaz m\u00e1s o menos inspirado en la epopeya del general Per\u00f3n. Milei ha sido elegido por defecto y no para aplicar al pie de la letra una doctrina liberal que solo conoce por haber hojeado algunos libros sobre el tema. Por lo tanto, el presidente argentino empieza con mal pie al imaginar que toda la poblaci\u00f3n se adherir\u00e1 a su visi\u00f3n fundamentalista, en la que el individuo ocupa todo el espacio, la \u201csociedad\u201d no existe y se hace caso omiso del Estado. Ser liberal, estimado presidente Milei, es, ante todo, ser humilde. Y negociar con el fin de convencer a los adversarios de que se conviertan en socios para llevar a cabo una pol\u00edtica razonable, progresista y no violenta. Ese no es el camino que ha emprendido este presidente; su m\u00e9todo es excluir a quienes no est\u00e1n de acuerdo con su visi\u00f3n fundamentalista. No sabe lo que significa negociar. Su fundamentalismo, justo lo contrario del liberalismo, se ve acentuado por su aislamiento; aparte de su hermana, adivina de profesi\u00f3n, \u00bfa qui\u00e9n consulta? Los \u00fanicos que le aplauden en la Argentina y en otros lugares (en la cumbre de multimillonarios de Davos, por ejemplo) son algunos oligarcas que creen pagar demasiados impuestos cuando, por lo general, no lo hacen. En la pr\u00e1ctica, las \u00fanicas medidas tomadas hasta ahora por el presidente han consistido en suprimir los subsidios a los productos de primera necesidad, sin los cuales los argentinos m\u00e1s humildes, es decir, m\u00e1s de la mitad de la poblaci\u00f3n, no pueden sobrevivir. El \u00fanico beneficio aparente de esta pol\u00edtica de motosierra es reducir el d\u00e9ficit p\u00fablico y satisfacer las estrictas exigencias contables del Fondo Monetario Internacional, a la espera de una revoluci\u00f3n social que eche al presidente de su cargo como sucedi\u00f3 con algunos de sus predecesores. Por supuesto, no estoy diciendo que debamos violar la Constituci\u00f3n argentina y deshacernos del presidente Milei. Mi esperanza es que vuelva a poner en pie el liberalismo partiendo de la sociedad tal como es, b\u00e1sicamente pobre, con la excepci\u00f3n de una \u00e9lite cuyas considerables reservas est\u00e1n depositadas en bancos extranjeros. Si Milei tiene en cuenta la sociedad tal como es, la pobreza tal como existe, se preguntar\u00e1 entonces de qu\u00e9 manera se podr\u00e1 reintegrar, paso a paso, a los m\u00e1s pobres en un mercado laboral que pague lo suficiente para garantizar la supervivencia de todos. Esto solo ser\u00e1 posible fomentando el esp\u00edritu empresarial y la inversi\u00f3n extranjera, es decir, creando un clima jur\u00eddico tranquilizador y sostenible, y no a\u00f1adiendo un desorden adicional al desorden heredado. Del mismo modo, la propuesta inicial del candidato Milei de sustituir la moneda nacional por el d\u00f3lar era una teor\u00eda interesante, pero, aparte de que la abandon\u00f3, part\u00eda de un an\u00e1lisis falso al insinuar que el culpable de la inflaci\u00f3n era el Banco Central. La verdad es que la inflaci\u00f3n proviene de las demandas ilimitadas de financiaci\u00f3n por parte del gobierno central y de las provincias. Doblegar la inflaci\u00f3n no requiere, por tanto, proclamas te\u00f3ricas, sino un replanteamiento de las instituciones del pa\u00eds, que no se ha acometido. Mientras los potentados de las provincias puedan derrochar sin reparar en gastos, los d\u00e9ficits se acumular\u00e1n, la moneda colapsar\u00e1 y la inflaci\u00f3n seguir\u00e1 destruyendo a los m\u00e1s pobres. Si Milei quisiera dedicar tiempo a entender el pensamiento liberal, deber\u00eda ocuparse primero de las instituciones. Lo que reclaman los pensadores liberales desde el siglo XVIII (desde Adam Smith hasta Hayek) es una Constituci\u00f3n econ\u00f3mica cuya fuerza jur\u00eddica y legitimidad moral sean equivalentes a las de la Constituci\u00f3n pol\u00edtica. Al igual que una constituci\u00f3n pol\u00edtica se basa en el orden, la ley y el respeto a los derechos humanos, una constituci\u00f3n econ\u00f3mica liberal -que no existe en la Argentina- exigir\u00eda el respeto a la propiedad, el derecho a emprender y la estabilidad de la moneda, y castigar\u00eda las violaciones de estos tres principios. Por \u00faltimo, no existe una pol\u00edtica liberal que no sea a largo plazo. Esto requerir\u00eda que el presidente Milei trabajara con sus adversarios para elaborar un plan cuyo calendario coincidiera con su mandato. De este modo, el pueblo argentino entender\u00eda por fin hacia d\u00f3nde se"}