{"version":"1.0","provider_name":"CHACODIAPORDIA.COM","provider_url":"https:\/\/chacodiapordia.com\/en","title":"Iberm\u00fasicas abri\u00f3 sus Convocatorias 2024 - CHACODIAPORDIA.COM","type":"rich","width":600,"height":338,"html":"<blockquote class=\"wp-embedded-content\" data-secret=\"NWV0N7AlSQ\"><a href=\"https:\/\/chacodiapordia.com\/en\/ibermusicas-abrio-sus-convocatorias-2024\/\">Iberm\u00fasicas abri\u00f3 sus Convocatorias 2024<\/a><\/blockquote><iframe sandbox=\"allow-scripts\" security=\"restricted\" src=\"https:\/\/chacodiapordia.com\/en\/ibermusicas-abrio-sus-convocatorias-2024\/embed\/#?secret=NWV0N7AlSQ\" width=\"600\" height=\"338\" title=\"&#8220;Iberm\u00fasicas abri\u00f3 sus Convocatorias 2024&#8221; &#8212; CHACODIAPORDIA.COM\" data-secret=\"NWV0N7AlSQ\" frameborder=\"0\" marginwidth=\"0\" marginheight=\"0\" scrolling=\"no\" class=\"wp-embedded-content\"><\/iframe><script type=\"text\/javascript\">\n\/* <![CDATA[ *\/\n\/*! This file is auto-generated *\/\n!function(d,l){\"use strict\";l.querySelector&&d.addEventListener&&\"undefined\"!=typeof URL&&(d.wp=d.wp||{},d.wp.receiveEmbedMessage||(d.wp.receiveEmbedMessage=function(e){var t=e.data;if((t||t.secret||t.message||t.value)&&!\/[^a-zA-Z0-9]\/.test(t.secret)){for(var s,r,n,a=l.querySelectorAll('iframe[data-secret=\"'+t.secret+'\"]'),o=l.querySelectorAll('blockquote[data-secret=\"'+t.secret+'\"]'),c=new RegExp(\"^https?:$\",\"i\"),i=0;i<o.length;i++)o[i].style.display=\"none\";for(i=0;i<a.length;i++)s=a[i],e.source===s.contentWindow&&(s.removeAttribute(\"style\"),\"height\"===t.message?(1e3<(r=parseInt(t.value,10))?r=1e3:~~r<200&&(r=200),s.height=r):\"link\"===t.message&&(r=new URL(s.getAttribute(\"src\")),n=new URL(t.value),c.test(n.protocol))&&n.host===r.host&&l.activeElement===s&&(d.top.location.href=t.value))}},d.addEventListener(\"message\",d.wp.receiveEmbedMessage,!1),l.addEventListener(\"DOMContentLoaded\",function(){for(var e,t,s=l.querySelectorAll(\"iframe.wp-embedded-content\"),r=0;r<s.length;r++)(t=(e=s[r]).getAttribute(\"data-secret\"))||(t=Math.random().toString(36).substring(2,12),e.src+=\"#?secret=\"+t,e.setAttribute(\"data-secret\",t)),e.contentWindow.postMessage({message:\"ready\",secret:t},\"*\")},!1)))}(window,document);\n\/\/# sourceURL=https:\/\/chacodiapordia.com\/wp-includes\/js\/wp-embed.min.js\n\/* ]]> *\/\n<\/script>","thumbnail_url":"https:\/\/chacodiapordia.com\/wp-content\/uploads\/2024\/07\/musica-banda.jpeg","thumbnail_width":800,"thumbnail_height":527,"description":"Las bases de todos los concursos est\u00e1n disponibles en: https:\/\/www.ibermusicas.org . El Ministerio de Capital Humano de la Naci\u00f3n, a trav\u00e9s de la Secretar\u00eda de Cultura, y el Instituto Nacional de la M\u00fasica, representa a Argentina en el programa de cooperaci\u00f3n Iberm\u00fasicas. Las convocatorias estar\u00e1n abiertas hasta el 1ero de octubre, excepto por la convocatoria en sinergia Iberm\u00fasicas-Mid Atlantic Arts cuyo per\u00edodo de inscripci\u00f3n finaliza el 15 de septiembre. Los proyectos seleccionados ser\u00e1n anunciados el d\u00eda 29 de noviembre. El objetivo del Programa es dinamizar y fortalecer el sector musical mediante pol\u00edticas p\u00fablicas de apoyo, fomentar la creaci\u00f3n musical en todas sus formas, sin distinciones de estilos, g\u00e9neros y tradiciones, promover la profesionalizaci\u00f3n, accesibilidad y la inclusi\u00f3n y fundamentalmente, democratizar el acceso a la cultura. Las convocatorias de este a\u00f1o ofrecen muy diversas herramientas para cubrir las variadas inquietudes del sector. \u00a0Ayuda a la circulaci\u00f3n de profesionales de la m\u00fasica Convocatoria pensada para llevar el trabajo musical a cualquier lugar del mundo. Se pueden presentar proyectos que busquen la internacionalizaci\u00f3n tanto de espect\u00e1culos musicales como aquellos que promuevan los intercambios de creaci\u00f3n, de composici\u00f3n, de investigaci\u00f3n y de saberes. Teniendo en cuenta el alto costo de los pasajes internacionales, esta convocatoria est\u00e1 dise\u00f1ada con el fin de brindar ayudas econ\u00f3micas para la compra de pasajes a\u00e9reos, terrestres o fluviales. \u00a0Ayuda a la programaci\u00f3n musical Convocatoria a programadores de festivales, ferias y mercados de m\u00fasica, salas de conciertos, escuelas de m\u00fasica, orquestas o coros, entre otros eventos y emprendimientos, que quieran invitar a profesionales de m\u00fasica para participar de sus proyectos. As\u00ed, un festival o un corredor cultural de festivales de m\u00fasica, por ejemplo, podr\u00e1 presentar una propuesta para invitar a participar en su programaci\u00f3n a artistas de distintos pa\u00edses; un sello discogr\u00e1fico podr\u00e1 convocar a bookers para la presentaci\u00f3n de sus bandas; una orquesta o varias orquestas asociadas podr\u00e1n candidatearse para invitar a una directora; una asociaci\u00f3n de instrumentistas podr\u00e1 presentar una convocar a un\/a luthier para brindar capacitaciones; entre otras tantas posibilidades. Vale recordar que esta l\u00ednea es para cubrir los gastos de transporte (a\u00e9reo, terrestre o fluvial). \u00a0Ayuda a artistas e investigadores para residencias Convocatoria para desarrollar trabajos creativos o de investigaci\u00f3n junto a una instituci\u00f3n o grupo musical anfitri\u00f3n. En este sentido, esta convocatoria se abre no s\u00f3lo a compositores o grupos musicales, sino tambi\u00e9n a investigadores, para realizar proyectos en cualquier parte del mundo. La duraci\u00f3n de las residencias deber\u00e1 contemplar un m\u00ednimo de tres semanas. \u00a0Ayuda a instituciones para residencias Convocatoria para que instituciones -p\u00fablicas o privadas-, organismos o agrupaciones cuenten con la posibilidad de invitar a compositoras, compositores, directoras y directores o investigadoras e investigadores de todo el mundo a realizar trabajos de creaci\u00f3n o de investigaci\u00f3n en residencia durante un plazo m\u00ednimo de tres semanas. \u00a0Especializaci\u00f3n y perfeccionamiento art\u00edstico y t\u00e9cnico Brinda la oportunidad de realizar estudios avanzados en todos los \u00e1mbitos del saber y el quehacer musical en cualquier parte del mundo. Este proceso puede ser llevado a cabo tanto dentro del \u00e1mbito institucional como de forma particular con grandes maestras y maestros de la cultura popular. El apoyo financiero de Iberm\u00fasicas se puede aplicar a todos los costos propios de un proceso de especializaci\u00f3n. \u00a0Ayuda a proyectos virtuales Destinada a realizar proyectos musicales que utilicen las herramientas virtuales como plataforma: grabaci\u00f3n de \u00e1lbumes, creaci\u00f3n de videoclips, shows en streaming, colaboraciones virtuales, video conferencias, talleres virtuales, podcasts y mucho m\u00e1s. \u00a0Promoci\u00f3n del repertorio iberoamericano Destinada a orquestas, coros, ensambles, entre otros, para favorecer la programaci\u00f3n de m\u00fasica escrita creada por compositoras y compositores de Iberoam\u00e9rica. Las obras deber\u00e1n pertenecer al Cat\u00e1logo Iberoamericano de Partituras que se encuentra disponible en la web de Iberm\u00fasicas. Se trata de un cat\u00e1logo vivo al cual se le pueden incorporar obras nuevas de forma permanente y gratuita, lo que democratizar\u00e1 el acceso y la difusi\u00f3n de obras de la regi\u00f3n. La convocatoria es una invitaci\u00f3n a adentrarse en el enorme acervo de m\u00fasica escrita que refleja el gran caudal creativo de la regi\u00f3n iberoamericana. \u00a0Premio Iberm\u00fasicas de canci\u00f3n para las infancias Cl\u00e1sico Concurso de Creaci\u00f3n de Canci\u00f3n en Colaboraci\u00f3n, en donde creadoras y creadores de la regi\u00f3n componen en dupla creativa, tendr\u00e1 este a\u00f1o un nuevo enfoque: se orientar\u00e1 especialmente hacia las canciones para las infancias, \u00e1mbito en el cual la canci\u00f3n iberoamericana tiene una gran relevancia. Entendiendo la infancia como el tiempo del descubrimiento, del deslumbre, de la sorpresa y la maravilla del mundo, Iberm\u00fasicas propone en este nuevo concurso la posibilidad de crear letras en todas las lenguas de los pa\u00edses iberoamericanos, invitando a explorar tambi\u00e9n las lenguas nativas. \u00a0Premio Iberm\u00fasicas de composici\u00f3n de obra coral Incentiva la creaci\u00f3n musical con libertad creativa. Esta nueva edici\u00f3n de sus concursos de creaci\u00f3n de obra acad\u00e9mica, estar\u00e1 orientada espec\u00edficamente a la creaci\u00f3n de nuevas obras corales, las cuales ser\u00e1n estrenadas por elencos nacionales de primer nivel de Cuba y de Venezuela. \u00a0Convocatoria especial Iberm\u00fasicas \u2013 Mid Atlantic Arts En busca de promover el di\u00e1logo intercultural entre artistas musicales de Iberoam\u00e9rica y de los Estados Unidos, se ofrece esta convocatoria en colaboraci\u00f3n entre Iberm\u00fasicas y Mid Atlantic Arts para prestar ayudas a la circulaci\u00f3n de artistas de Iberoam\u00e9rica en Estados Unidos. Conscientes de la incidencia que conlleva el costo y la tramitaci\u00f3n de las visas de trabajo en los proyectos que promueven la circulaci\u00f3n de artistas en Estados Unidos, Iberm\u00fasicas se aboca en la presente convocatoria a prestar asistencia espec\u00edficamente en este rubro. A su vez, Mid Atlantic Arts apoyar\u00e1 a los proyectos seleccionados a trav\u00e9s de la ayuda financiera a las instituciones anfitrionas de los conciertos para la gesti\u00f3n de los contratos art\u00edsticos. \u00a0Viajes por la m\u00fasica en lengua portuguesa L\u00ednea de apoyo que se presenta por primera vez para ciudadanas y ciudadanos de la Comunidad de Pa\u00edses de Lengua Portuguesa localizados en \u00c1frica (Angola, Cabo Verde, Guinea-Bissau, Guinea Ecuatorial, Mozambique, Santo Tom\u00e9 y Pr\u00edncipe) y en Asia (Timor Oriental). Por iniciativa de Brasil y de Portugal, la l\u00ednea de apoyo fue creada para facilitar la"}