{"version":"1.0","provider_name":"CHACODIAPORDIA.COM","provider_url":"https:\/\/chacodiapordia.com\/en","title":"Federal A: arranca la pretemporada de Sarmiento - CHACODIAPORDIA.COM","type":"rich","width":600,"height":338,"html":"<blockquote class=\"wp-embedded-content\" data-secret=\"EjdPylivbV\"><a href=\"https:\/\/chacodiapordia.com\/en\/federal-a-arranca-la-pretemporada-de-sarmiento\/\">Federal A: arranca la pretemporada de Sarmiento<\/a><\/blockquote><iframe sandbox=\"allow-scripts\" security=\"restricted\" src=\"https:\/\/chacodiapordia.com\/en\/federal-a-arranca-la-pretemporada-de-sarmiento\/embed\/#?secret=EjdPylivbV\" width=\"600\" height=\"338\" title=\"&#8220;Federal A: arranca la pretemporada de Sarmiento&#8221; &#8212; CHACODIAPORDIA.COM\" data-secret=\"EjdPylivbV\" frameborder=\"0\" marginwidth=\"0\" marginheight=\"0\" scrolling=\"no\" class=\"wp-embedded-content\"><\/iframe><script type=\"text\/javascript\">\n\/* <![CDATA[ *\/\n\/*! This file is auto-generated *\/\n!function(d,l){\"use strict\";l.querySelector&&d.addEventListener&&\"undefined\"!=typeof URL&&(d.wp=d.wp||{},d.wp.receiveEmbedMessage||(d.wp.receiveEmbedMessage=function(e){var t=e.data;if((t||t.secret||t.message||t.value)&&!\/[^a-zA-Z0-9]\/.test(t.secret)){for(var s,r,n,a=l.querySelectorAll('iframe[data-secret=\"'+t.secret+'\"]'),o=l.querySelectorAll('blockquote[data-secret=\"'+t.secret+'\"]'),c=new RegExp(\"^https?:$\",\"i\"),i=0;i<o.length;i++)o[i].style.display=\"none\";for(i=0;i<a.length;i++)s=a[i],e.source===s.contentWindow&&(s.removeAttribute(\"style\"),\"height\"===t.message?(1e3<(r=parseInt(t.value,10))?r=1e3:~~r<200&&(r=200),s.height=r):\"link\"===t.message&&(r=new URL(s.getAttribute(\"src\")),n=new URL(t.value),c.test(n.protocol))&&n.host===r.host&&l.activeElement===s&&(d.top.location.href=t.value))}},d.addEventListener(\"message\",d.wp.receiveEmbedMessage,!1),l.addEventListener(\"DOMContentLoaded\",function(){for(var e,t,s=l.querySelectorAll(\"iframe.wp-embedded-content\"),r=0;r<s.length;r++)(t=(e=s[r]).getAttribute(\"data-secret\"))||(t=Math.random().toString(36).substring(2,12),e.src+=\"#?secret=\"+t,e.setAttribute(\"data-secret\",t)),e.contentWindow.postMessage({message:\"ready\",secret:t},\"*\")},!1)))}(window,document);\n\/\/# sourceURL=https:\/\/chacodiapordia.com\/wp-includes\/js\/wp-embed.min.js\n\/* ]]> *\/\n<\/script>","thumbnail_url":"https:\/\/chacodiapordia.com\/wp-content\/uploads\/2024\/01\/sarmiento444.jpg","thumbnail_width":1000,"thumbnail_height":750,"description":"El plantel de Sarmiento iniciar\u00e1 hoy, a las 17, sus trabajos de pretemporada bajo las \u00f3rdenes del entrenador Ra\u00fal Valdez de cara al torneo Federal \u201cA\u201d de f\u00fatbol que comenzar\u00e1 el 24 de marzo y que tendr\u00e1 el \u201cdecano\u201d como \u00fanico representante chaque\u00f1o. Habr\u00e1 una presentaci\u00f3n de rigor y luego los jugadores comenzar\u00e1n los entrenamientos en el estadio \u201cCentenario\u201d. La semana incluye entrenamientos el martes en el Centro de Alto Rendimiento (CAR), mi\u00e9rcoles en la cancha auxiliar, jueves en el CAR, viernes en cancha auxiliar y s\u00e1bado en el estadio. Todas las pr\u00e1cticas comenzar\u00e1n a partir de las 7.30. Los nuevos jugadores del \u201cdecano\u201d son el lateral derecho colombiano Jhan Carlos Valencia (viene de jugar en Ciudad Bol\u00edvar; Federal A); el zaguero central Valent\u00edn Rodr\u00edguez (Comunicaciones de Munro; Primera B Metropolitana); Juli\u00e1n Villal\u00f3n (defensor; V\u00e9lez de Oliva, Buenos Aires); el lateral izquierdo Tom\u00e1s Squie (Sportivo Pe\u00f1arol de Chimbas, San Juan); los volantes Antonio \u201cTurco\u201d Kaial (Central C\u00f3rdoba de Rosario; Primera C), Gast\u00f3n Br\u00edtes (Juventud de Tirol; Regional Amateur); y los delanteros Iv\u00e1n Escobares (Juventud Antoniana de Salta; Federal A) y Juan Sebasti\u00e1n Montenegro (Atl\u00e9tico San Jorge; San Jorge, Santa Fe). A ellos se sumar\u00e1n los futbolistas de la Liga Chaque\u00f1a que ya fueron parte en algunos partidos del Federal \u201cA\u201d en la temporada pasada. Entre ellos los defensores Franco Dom\u00ednguez, Nahuel Peloso, Renzo Arzamendia, Juan Jos\u00e9 Sol\u00eds, Jonathan Alegre; los volantes Pablo Mart\u00ednez, Rodrigo Montenegro y Franco Lagioia; y los delanteros Max Pared, Franco Falc\u00f3n y Ren\u00e9 Escobar. Fuente: Entretiempo"}