{"version":"1.0","provider_name":"CHACODIAPORDIA.COM","provider_url":"https:\/\/chacodiapordia.com\/en","title":"El Senado uruguayo aprob\u00f3 la Ley de eutanasia - CHACODIAPORDIA.COM","type":"rich","width":600,"height":338,"html":"<blockquote class=\"wp-embedded-content\" data-secret=\"9iT7tiGk7d\"><a href=\"https:\/\/chacodiapordia.com\/en\/el-senado-uruguayo-aprobo-la-ley-de-eutanasia\/\">El Senado uruguayo aprob\u00f3 la Ley de eutanasia<\/a><\/blockquote><iframe sandbox=\"allow-scripts\" security=\"restricted\" src=\"https:\/\/chacodiapordia.com\/en\/el-senado-uruguayo-aprobo-la-ley-de-eutanasia\/embed\/#?secret=9iT7tiGk7d\" width=\"600\" height=\"338\" title=\"&#8220;El Senado uruguayo aprob\u00f3 la Ley de eutanasia&#8221; &#8212; CHACODIAPORDIA.COM\" data-secret=\"9iT7tiGk7d\" frameborder=\"0\" marginwidth=\"0\" marginheight=\"0\" scrolling=\"no\" class=\"wp-embedded-content\"><\/iframe><script type=\"text\/javascript\">\n\/* <![CDATA[ *\/\n\/*! This file is auto-generated *\/\n!function(d,l){\"use strict\";l.querySelector&&d.addEventListener&&\"undefined\"!=typeof URL&&(d.wp=d.wp||{},d.wp.receiveEmbedMessage||(d.wp.receiveEmbedMessage=function(e){var t=e.data;if((t||t.secret||t.message||t.value)&&!\/[^a-zA-Z0-9]\/.test(t.secret)){for(var s,r,n,a=l.querySelectorAll('iframe[data-secret=\"'+t.secret+'\"]'),o=l.querySelectorAll('blockquote[data-secret=\"'+t.secret+'\"]'),c=new RegExp(\"^https?:$\",\"i\"),i=0;i<o.length;i++)o[i].style.display=\"none\";for(i=0;i<a.length;i++)s=a[i],e.source===s.contentWindow&&(s.removeAttribute(\"style\"),\"height\"===t.message?(1e3<(r=parseInt(t.value,10))?r=1e3:~~r<200&&(r=200),s.height=r):\"link\"===t.message&&(r=new URL(s.getAttribute(\"src\")),n=new URL(t.value),c.test(n.protocol))&&n.host===r.host&&l.activeElement===s&&(d.top.location.href=t.value))}},d.addEventListener(\"message\",d.wp.receiveEmbedMessage,!1),l.addEventListener(\"DOMContentLoaded\",function(){for(var e,t,s=l.querySelectorAll(\"iframe.wp-embedded-content\"),r=0;r<s.length;r++)(t=(e=s[r]).getAttribute(\"data-secret\"))||(t=Math.random().toString(36).substring(2,12),e.src+=\"#?secret=\"+t,e.setAttribute(\"data-secret\",t)),e.contentWindow.postMessage({message:\"ready\",secret:t},\"*\")},!1)))}(window,document);\n\/\/# sourceURL=https:\/\/chacodiapordia.com\/wp-includes\/js\/wp-embed.min.js\n\/* ]]> *\/\n<\/script>","thumbnail_url":"https:\/\/chacodiapordia.com\/wp-content\/uploads\/2025\/10\/Uruguay-Senado.jpg","thumbnail_width":700,"thumbnail_height":467,"description":"Los defensores del proyecto coinciden en que su redacci\u00f3n brindar\u00e1 garant\u00edas y representa la historia de un pa\u00eds acostumbrado a aprobar leyes progresistas. La llaman Ley de muerte digna y la impuls\u00f3 el Frente Amplio. C\u00e1mara de Senadores de Uruguay aprob\u00f3 ayer el proyecto de ley de Muerte Digna, con el que el pa\u00eds sudamericano legaliz\u00f3 la eutanasia. Tras m\u00e1s de diez horas de debate, todos los legisladores del oficialista Frente Amplio se expresaron a favor de esta iniciativa, as\u00ed como tambi\u00e9n lo hicieron algunos de los opositores del Partido Colorado y del Partido Nacional, alcanzando el proyecto una amplia mayor\u00eda. El proyecto aprobado actual busca garantizar el derecho a &#8220;transcurrir dignamente el proceso de morir&#8221;, mediante la despenalizaci\u00f3n de la eutanasia en los mayores de edad ps\u00edquicamente aptos que atraviesen la etapa terminal de enfermedades incurables e irreversibles o que padezcan por ellas sufrimientos insoportables. Antes de la votaci\u00f3n y con dos d\u00e9cadas de padecimiento por ELA a cuestas, Beatriz Gel\u00f3s confiaba a la prensa que el Senado de Uruguay pusiera fin a a\u00f1os de idas y vueltas parlamentarias para transformar en ley un proyecto de eutanasia. &#8220;Me dar\u00eda una paz impresionante que se apruebe. Es una ley de compasi\u00f3n, muy humana, muy bien redactada&#8221;, dijo Gel\u00f3s d\u00edas antes de la votaci\u00f3n. A partir de ahora, Uruguay se unir\u00e1 a un reducido grupo de pa\u00edses que permiten este procedimiento en el que figuran Canad\u00e1, Pa\u00edses Bajos y Espa\u00f1a. En Am\u00e9rica Latina, Colombia despenaliz\u00f3 la eutanasia en 1997 y Ecuador se sum\u00f3 el a\u00f1o pasado, en ambos casos con fallos de Corte. Algunos de los requisitos son ser mayor de edad, ciudadano o residente y estar ps\u00edquicamente apto en etapa terminal de una patolog\u00eda incurable o que provoque sufrimientos insoportables, con grave deterioro de la calidad de vida. El paciente tambi\u00e9n deber\u00e1 pasar por instancias previas antes de dejar su voluntad por escrito. El debate se dio con tono respetuoso, con firmes ponencias a favor y en contra y decenas de personas en las gradas. Aunque al final de la votaci\u00f3n hubo ruidosas protestas de los opositores y la presidencia de la c\u00e1mara solicit\u00f3 desalojar la tribuna. La base legal del proyecto aprobado incluye la Constituci\u00f3n uruguaya (art\u00edculos 7\u00ba sobre libertad de conciencia, 10 sobre derechos inviolables y 72 sobre protecci\u00f3n a la vida digna), tratados internacionales como la Declaraci\u00f3n Universal de Derechos Humanos (1948) y la Convenci\u00f3n Americana sobre Derechos Humanos (1969), y leyes nacionales como la N\u00ba 18.335 (derechos de pacientes) y la N\u00ba 18.473 (voluntades anticipadas). Para el oficialista Daniel Borbonet votado es un texto es &#8220;s\u00f3lido&#8221; y &#8220;ofrece seguridad jur\u00eddica&#8221;. En una posici\u00f3n cr\u00edtica, Pedro Bordaberry (centroderecha) consider\u00f3 que es &#8220;una ley de fomento&#8221; de muerta asistida. &#8220;Lleg\u00f3 el momento&#8221; Gel\u00f3s, de 71 a\u00f1os, convive desde los 52 con la Esclerosis Lateral Amiotr\u00f3fica (ELA), una enfermedad neurodegenerativa que causa una par\u00e1lisis progresiva de los m\u00fasculos hasta provocar la muerte del paciente. En silla de ruedas y con voz entrecortada, confi\u00f3 antes de la votaci\u00f3n en que &#8220;lleg\u00f3 el momento&#8221; de cerrar el debate. Y a quienes se oponen a la eutanasia, les dijo: &#8220;no tienen idea lo que es vivir as\u00ed&#8221;. Amante de la lectura, fiel a su pasado como profesora, y abuela de dos ni\u00f1os peque\u00f1os, quiere &#8220;tener la opci\u00f3n&#8221; de decir basta. En la misma trinchera, la madre y el hermano de Pablo C\u00e1nepa intentaron hacer o\u00edr su voz. C\u00e1nepa -de 39 a\u00f1os- sufre una enfermedad rara e incurable. Paralizado casi por completo y con espasmos, utiliza sedantes. Est\u00e1 l\u00facido y pide acabar con un calvario que empez\u00f3 cuatro a\u00f1os atr\u00e1s. &#8220;Pablo est\u00e1 agonizando hace a\u00f1os y la aprobaci\u00f3n fue un verdadero alivio&#8221;, dijo su hermano, Eduardo C\u00e1nepa. &#8220;Pablo no est\u00e1 viviendo. No es vida esto que tiene&#8221;, resumi\u00f3 su madre M\u00f3nica. Para la activista Florencia Salgueiro, quien sigui\u00f3 la sesi\u00f3n atenta desde las gradas, la clave de la normativa es el respeto que tiene por la voluntad de un adulto de terminar con su suplicio. Salgueiro presenci\u00f3 la lucha de su padre por recibir asistencia para poner fin a su vida cuando el ELA hac\u00eda insoportable sus d\u00edas. Muri\u00f3 sin cumplir su deseo. Un proyecto con garant\u00edas Los defensores del proyecto coinciden en que su redacci\u00f3n brinda garant\u00edas y representa la historia de un pa\u00eds acostumbrado a aprobar leyes progresistas como la regulaci\u00f3n del mercado de cannabis, el matrimonio igualitario y el aborto. M\u00e1s de un 60% de los uruguayos est\u00e1 a favor de legalizar la eutanasia y apenas un 24% la rechaza, seg\u00fan una encuesta presentada en mayo por la Consultora Cifra. El Colegio M\u00e9dico respet\u00f3 las diversas posiciones de sus socios y no proclam\u00f3 una postura ante el tema. Sin embargo, asesoraron en todo el proceso &#8220;para tener las m\u00e1ximas garant\u00edas para los pacientes y para los m\u00e9dicos&#8221;, coment\u00f3 el presidente de la entidad, \u00c1lvaro Niggemeyer. La iglesia Cat\u00f3lica mostr\u00f3 &#8220;tristeza&#8221; ante la votaci\u00f3n afirmativa en Diputados y la resistencia al proyecto traspas\u00f3 los \u00e1mbitos religiosos. M\u00e1s de una decena de organizaciones rechazaron la redacci\u00f3n del proyecto por &#8220;deficiente y peligrosa&#8221;. \u00c1mbito"}