{"version":"1.0","provider_name":"CHACODIAPORDIA.COM","provider_url":"https:\/\/chacodiapordia.com\/en","title":"El Archivo Hist\u00f3rico celebra sus 70 a\u00f1os - CHACODIAPORDIA.COM","type":"rich","width":600,"height":338,"html":"<blockquote class=\"wp-embedded-content\" data-secret=\"Bj08FeQaBY\"><a href=\"https:\/\/chacodiapordia.com\/en\/el-archivo-historico-celebra-sus-70-anos\/\">El Archivo Hist\u00f3rico celebra sus 70 a\u00f1os<\/a><\/blockquote><iframe sandbox=\"allow-scripts\" security=\"restricted\" src=\"https:\/\/chacodiapordia.com\/en\/el-archivo-historico-celebra-sus-70-anos\/embed\/#?secret=Bj08FeQaBY\" width=\"600\" height=\"338\" title=\"&#8220;El Archivo Hist\u00f3rico celebra sus 70 a\u00f1os&#8221; &#8212; CHACODIAPORDIA.COM\" data-secret=\"Bj08FeQaBY\" frameborder=\"0\" marginwidth=\"0\" marginheight=\"0\" scrolling=\"no\" class=\"wp-embedded-content\"><\/iframe><script type=\"text\/javascript\">\n\/* <![CDATA[ *\/\n\/*! This file is auto-generated *\/\n!function(d,l){\"use strict\";l.querySelector&&d.addEventListener&&\"undefined\"!=typeof URL&&(d.wp=d.wp||{},d.wp.receiveEmbedMessage||(d.wp.receiveEmbedMessage=function(e){var t=e.data;if((t||t.secret||t.message||t.value)&&!\/[^a-zA-Z0-9]\/.test(t.secret)){for(var s,r,n,a=l.querySelectorAll('iframe[data-secret=\"'+t.secret+'\"]'),o=l.querySelectorAll('blockquote[data-secret=\"'+t.secret+'\"]'),c=new RegExp(\"^https?:$\",\"i\"),i=0;i<o.length;i++)o[i].style.display=\"none\";for(i=0;i<a.length;i++)s=a[i],e.source===s.contentWindow&&(s.removeAttribute(\"style\"),\"height\"===t.message?(1e3<(r=parseInt(t.value,10))?r=1e3:~~r<200&&(r=200),s.height=r):\"link\"===t.message&&(r=new URL(s.getAttribute(\"src\")),n=new URL(t.value),c.test(n.protocol))&&n.host===r.host&&l.activeElement===s&&(d.top.location.href=t.value))}},d.addEventListener(\"message\",d.wp.receiveEmbedMessage,!1),l.addEventListener(\"DOMContentLoaded\",function(){for(var e,t,s=l.querySelectorAll(\"iframe.wp-embedded-content\"),r=0;r<s.length;r++)(t=(e=s[r]).getAttribute(\"data-secret\"))||(t=Math.random().toString(36).substring(2,12),e.src+=\"#?secret=\"+t,e.setAttribute(\"data-secret\",t)),e.contentWindow.postMessage({message:\"ready\",secret:t},\"*\")},!1)))}(window,document);\n\/\/# sourceURL=https:\/\/chacodiapordia.com\/wp-includes\/js\/wp-embed.min.js\n\/* ]]> *\/\n<\/script>","thumbnail_url":"https:\/\/chacodiapordia.com\/wp-content\/uploads\/2024\/09\/ARCHIVO-HISTORICO-Aniversario.jpg","thumbnail_width":800,"thumbnail_height":637,"description":"Las celebraciones iniciar\u00e1n a la ma\u00f1ana con palabras alusivas en un acto previsto a las 9.30 que encabezar\u00e1 el gobernador del Chaco, Leandro Zdero. Por la tarde, a las 19.30, el Archivo recibir\u00e1 en donaci\u00f3n la valiosa biblioteca personal de Alfredo Humberto Norniella, prestigioso locutor y difusor folcl\u00f3rico de nuestra Regi\u00f3n. A las 20 iniciar\u00e1n los espect\u00e1culos con la actuaci\u00f3n de la Banda Municipal y posteriormente, a las 21.30 habr\u00e1 cierre musical con artistas invitados. Sobre el Museo Fundado en 1954 por decreto N\u00b0 2318 del primer gobernador constitucional del Chaco, Felipe Gallardo, quien design\u00f3 como Director General con la misi\u00f3n de organizarlo a Monse\u00f1or Jos\u00e9 Alumni, vicario de la Di\u00f3cesis de Resistencia.&nbsp; El Archivo Hist\u00f3rico es la instituci\u00f3n responsable de formular y promover la pol\u00edtica archiv\u00edstica en nuestra provincia para el rescate, preservaci\u00f3n, conservaci\u00f3n y difusi\u00f3n del patrimonio documental, con el fin de facilitar el acceso a la informaci\u00f3n de todos los ciudadanos y as\u00ed fortalecer la memoria colectiva."}