{"version":"1.0","provider_name":"CHACODIAPORDIA.COM","provider_url":"https:\/\/chacodiapordia.com\/en","title":"El adi\u00f3s a un amigo, Carlos Obreg\u00f3n - CHACODIAPORDIA.COM","type":"rich","width":600,"height":338,"html":"<blockquote class=\"wp-embedded-content\" data-secret=\"R2UMaSdrZU\"><a href=\"https:\/\/chacodiapordia.com\/en\/el-adios-a-un-amigo-carlos-obregon\/\">El adi\u00f3s a un amigo, Carlos Obreg\u00f3n<\/a><\/blockquote><iframe sandbox=\"allow-scripts\" security=\"restricted\" src=\"https:\/\/chacodiapordia.com\/en\/el-adios-a-un-amigo-carlos-obregon\/embed\/#?secret=R2UMaSdrZU\" width=\"600\" height=\"338\" title=\"&#8220;El adi\u00f3s a un amigo, Carlos Obreg\u00f3n&#8221; &#8212; CHACODIAPORDIA.COM\" data-secret=\"R2UMaSdrZU\" frameborder=\"0\" marginwidth=\"0\" marginheight=\"0\" scrolling=\"no\" class=\"wp-embedded-content\"><\/iframe><script type=\"text\/javascript\">\n\/* <![CDATA[ *\/\n\/*! This file is auto-generated *\/\n!function(d,l){\"use strict\";l.querySelector&&d.addEventListener&&\"undefined\"!=typeof URL&&(d.wp=d.wp||{},d.wp.receiveEmbedMessage||(d.wp.receiveEmbedMessage=function(e){var t=e.data;if((t||t.secret||t.message||t.value)&&!\/[^a-zA-Z0-9]\/.test(t.secret)){for(var s,r,n,a=l.querySelectorAll('iframe[data-secret=\"'+t.secret+'\"]'),o=l.querySelectorAll('blockquote[data-secret=\"'+t.secret+'\"]'),c=new RegExp(\"^https?:$\",\"i\"),i=0;i<o.length;i++)o[i].style.display=\"none\";for(i=0;i<a.length;i++)s=a[i],e.source===s.contentWindow&&(s.removeAttribute(\"style\"),\"height\"===t.message?(1e3<(r=parseInt(t.value,10))?r=1e3:~~r<200&&(r=200),s.height=r):\"link\"===t.message&&(r=new URL(s.getAttribute(\"src\")),n=new URL(t.value),c.test(n.protocol))&&n.host===r.host&&l.activeElement===s&&(d.top.location.href=t.value))}},d.addEventListener(\"message\",d.wp.receiveEmbedMessage,!1),l.addEventListener(\"DOMContentLoaded\",function(){for(var e,t,s=l.querySelectorAll(\"iframe.wp-embedded-content\"),r=0;r<s.length;r++)(t=(e=s[r]).getAttribute(\"data-secret\"))||(t=Math.random().toString(36).substring(2,12),e.src+=\"#?secret=\"+t,e.setAttribute(\"data-secret\",t)),e.contentWindow.postMessage({message:\"ready\",secret:t},\"*\")},!1)))}(window,document);\n\/\/# sourceURL=https:\/\/chacodiapordia.com\/wp-includes\/js\/wp-embed.min.js\n\/* ]]> *\/\n<\/script>","thumbnail_url":"https:\/\/chacodiapordia.com\/wp-content\/uploads\/2025\/08\/Prensa-CarlosObregonNorte.jpg","thumbnail_width":800,"thumbnail_height":585,"description":"&#8221;Lo conoc\u00ed mientras hac\u00edamos el programa Opini\u00f3n Deportiva conducido por Omar Sotelo. Compart\u00edamos micr\u00f3fono y el ya mostraba sus dotes period\u00edsticas, aunque ya era Ingeniero agr\u00f3nomo, una profesi\u00f3n que no la ejerci\u00f3 pero que luego fue fundamental como periodista. Un d\u00eda que hubo una baja en la secci\u00f3n deportes del diario Norte, deb\u00eda buscar el reemplazo y pens\u00e9 en \u00e9l. A punto de viajar a Buenos Aires donde buscar\u00eda su nuevo destino profesional, lo invit\u00e9 en la vieja casona de sus padres en Fontana. Se baj\u00f3 de su Fiat 600 y fuimos al diario. Al otro d\u00eda ya estaba en la secci\u00f3n mostrando sus u\u00f1as de guitarrero. Serio, responsable, de car\u00e1cter fuerte, mostr\u00f3 condiciones. Miguel Fern\u00e1ndez le ech\u00f3 el ojo para trabajar en otra \u00e1rea. Me resist\u00ed lo que pude, pero sus condiciones lo hicieron crecer hasta jefe de Interior y luego secretario de redacci\u00f3n. No voy a entrar demasiado en detalles, pero en el mismo diario encontr\u00f3 el amor, esa chica flaca y alta que un d\u00eda lleg\u00f3 de Quitilipi para no irse nunca m\u00e1s. Nunca m\u00e1s se separaron y con Betty, mi se\u00f1ora terminamos siendo testigos de casamiento. Pasaron unos 45 a\u00f1os, y construyeron una familia hermosa. Llegaron Guido y Fernando. Llegaron las nueras y los nietos. Vimos como crec\u00edan esos chicos y ellos vieron a los nuestros. Vimos la llegada de los nietos y ellos los nuestros. Compart\u00edamos todo lo que tiene que ver con el respeto, la solidaridad y el amor fraterno. Hoy nuestros nietos Noah y Ciro, son compa\u00f1eros de escuela, de b\u00e1squet y encuentros caseros. Los dos, Carlos y Emilia se jubilaron en el diario. Los dos siguieron siendo nuestros amigos. Con los dos, y con Jos\u00e9 Cendra y Alicia nos junt\u00e1bamos una vez al mes para compartir recuerdos. Hoy parti\u00f3 Carlos Guido Oobreg\u00f3n y nuestro dolor es inmenso. Emilia, Guido, Fernando, nueras y nietos, compartimos el dolor&#8217;. Betty y Luis&#8221; La participaci\u00f3n del Sindicato &#8221;El Sindicato de Trabajadores de Prensa del Chaco env\u00eda un fuerte abrazo a Emilia y su familia en este momento tan dif\u00edcil. Siempre solidario, comprometido y querido por sus compa\u00f1eros, gran profesional y mejor persona. Gran parte de su trayectoria la desarroll\u00f3 en Editorial Chaco S.A., editora de Diario NORTE, donde ocup\u00f3 diversos cargos. Integr\u00f3 la comisi\u00f3n directiva del sindicato, participando activamente en reuniones y asambleas&#8221;. Sus compa\u00f1eros y amigos de Diario Norte &#8221;Dolor y luto en Norte. El fallecimiento de \u201cCarlitos\u201d, como afectuosamente lo llamaban, sorprendi\u00f3 en plena jornada laboral. Amaba profundamente su profesi\u00f3n, sentimiento que comparti\u00f3 con su familia, nacida en los pasillos del diario, donde conoci\u00f3 a su compa\u00f1era inseparable, Emilia Ocika. Inici\u00f3 en la secci\u00f3n deportiva, luego fue jefe de Interior y m\u00e1s tarde prosecretario de Redacci\u00f3n, siempre fortaleciendo la cobertura del interior chaque\u00f1o. Tambi\u00e9n estuvo a cargo del suplemento Norte Rural, clave en el v\u00ednculo con productores de la provincia. Su responsabilidad y profesionalismo dejaron huella en el medio. Hizo de la amistad un culto, y quienes lo conocieron dan fe de su afecto. Junto a Emilia form\u00f3 una familia con sus hijos Guido Javier y Fernando Mat\u00edas, y varios nietos&#8221;. Nacido en Villa Guillermina, Santa Fe, Carlos Obreg\u00f3n se traslad\u00f3 de ni\u00f1o a Fontana, Chaco. Comenz\u00f3 su carrera en Norte el 15 de noviembre de 1979 y se jubil\u00f3 el 29 de abril de 2013 para disfrutar de su familia. Hab\u00eda nacido el 5 de marzo de 1947 y falleci\u00f3 a los 78 a\u00f1os, dejando una vida fruct\u00edfera y un recuerdo imborrable. El sindicato y todos sus compa\u00f1eros acompa\u00f1an a su familia en el dolor."}