{"version":"1.0","provider_name":"CHACODIAPORDIA.COM","provider_url":"https:\/\/chacodiapordia.com\/en","title":"Dom\u00ednguez denunciar\u00e1 penalmente a Bolatti por \u201cacusaciones infundadas\" - CHACODIAPORDIA.COM","type":"rich","width":600,"height":338,"html":"<blockquote class=\"wp-embedded-content\" data-secret=\"ECdSz5ByBy\"><a href=\"https:\/\/chacodiapordia.com\/en\/dominguez-denunciara-penalmente-a-bolatti-por-acusaciones-infundadas\/\">Dom\u00ednguez denunciar\u00e1 penalmente a Bolatti por \u201cacusaciones infundadas&#8221;<\/a><\/blockquote><iframe sandbox=\"allow-scripts\" security=\"restricted\" src=\"https:\/\/chacodiapordia.com\/en\/dominguez-denunciara-penalmente-a-bolatti-por-acusaciones-infundadas\/embed\/#?secret=ECdSz5ByBy\" width=\"600\" height=\"338\" title=\"&#8220;Dom\u00ednguez denunciar\u00e1 penalmente a Bolatti por \u201cacusaciones infundadas&#8221;&#8221; &#8212; CHACODIAPORDIA.COM\" data-secret=\"ECdSz5ByBy\" frameborder=\"0\" marginwidth=\"0\" marginheight=\"0\" scrolling=\"no\" class=\"wp-embedded-content\"><\/iframe><script type=\"text\/javascript\">\n\/* <![CDATA[ *\/\n\/*! This file is auto-generated *\/\n!function(d,l){\"use strict\";l.querySelector&&d.addEventListener&&\"undefined\"!=typeof URL&&(d.wp=d.wp||{},d.wp.receiveEmbedMessage||(d.wp.receiveEmbedMessage=function(e){var t=e.data;if((t||t.secret||t.message||t.value)&&!\/[^a-zA-Z0-9]\/.test(t.secret)){for(var s,r,n,a=l.querySelectorAll('iframe[data-secret=\"'+t.secret+'\"]'),o=l.querySelectorAll('blockquote[data-secret=\"'+t.secret+'\"]'),c=new RegExp(\"^https?:$\",\"i\"),i=0;i<o.length;i++)o[i].style.display=\"none\";for(i=0;i<a.length;i++)s=a[i],e.source===s.contentWindow&&(s.removeAttribute(\"style\"),\"height\"===t.message?(1e3<(r=parseInt(t.value,10))?r=1e3:~~r<200&&(r=200),s.height=r):\"link\"===t.message&&(r=new URL(s.getAttribute(\"src\")),n=new URL(t.value),c.test(n.protocol))&&n.host===r.host&&l.activeElement===s&&(d.top.location.href=t.value))}},d.addEventListener(\"message\",d.wp.receiveEmbedMessage,!1),l.addEventListener(\"DOMContentLoaded\",function(){for(var e,t,s=l.querySelectorAll(\"iframe.wp-embedded-content\"),r=0;r<s.length;r++)(t=(e=s[r]).getAttribute(\"data-secret\"))||(t=Math.random().toString(36).substring(2,12),e.src+=\"#?secret=\"+t,e.setAttribute(\"data-secret\",t)),e.contentWindow.postMessage({message:\"ready\",secret:t},\"*\")},!1)))}(window,document);\n\/\/# sourceURL=https:\/\/chacodiapordia.com\/wp-includes\/js\/wp-embed.min.js\n\/* ]]> *\/\n<\/script>","thumbnail_url":"https:\/\/chacodiapordia.com\/wp-content\/uploads\/2026\/04\/Dominguez.jpg","thumbnail_width":800,"thumbnail_height":600,"description":"El ministro de Infraestructura, Hugo Dom\u00ednguez, denunciar\u00e1 penalmente al concejal de Resistencia, Fabricio Bolatti, a ra\u00edz de la difusi\u00f3n de publicaciones en redes sociales que contienen, seg\u00fan se\u00f1al\u00f3, \u201cacusaciones mentirosas, infundadas y delirantes\u201d, las cuales lesionan gravemente su honor y reputaci\u00f3n.Las afirmaciones mentirosas del concejal tendr\u00e1n consecuencias y va a tener que pagar por lo que dijo\u201d, afirm\u00f3 Dom\u00ednguez y agreg\u00f3 que \u201dtodo lo que pague el concejal lo voy a destinar a instituciones ben\u00e9ficas\u201d. Dom\u00ednguez desminti\u00f3 de manera categ\u00f3rica cualquier tipo de vinculaci\u00f3n de su gesti\u00f3n, ya sea personal o en car\u00e1cter de supuesto \u201cadministrador judicial\u201d, con empresas del sector de la construcci\u00f3n, calificando tales afirmaciones como \u201cf\u00e1cilmente comprobables\u201d mediante simples verificaciones registrales y administrativas. Asimismo, precis\u00f3 que, en el marco de su gesti\u00f3n, el Ministerio a su cargo no mantiene ni ha mantenido relaci\u00f3n contractual alguna ni ha efectuado pagos a la firma mencionada por el edil. Configuraci\u00f3n del delito de injurias Las expresiones no constituyen una cr\u00edtica pol\u00edtica leg\u00edtima, sino imputaciones personales deshonrosas, por lo que existir\u00edan elementos suficientes para encuadrarlas como delito de injurias, sujeto a lo que determine la Justicia, sostiene Dom\u00ednguez en su denuncia. Plantea que las declaraciones del concejal Bolatti son injurias, seg\u00fan el art\u00edculo 110 del C\u00f3digo Penal, ya que implican expresiones que afectar\u00edan el honor y la reputaci\u00f3n del ministro. Indica adem\u00e1s que lo expresado por Bolatti da\u00f1a su honor personal e imagen p\u00fablica, donde cabr\u00eda la doctrina de la \u201creal malicia\u201d, establecida por la Corte Suprema, seg\u00fan la cual la libertad de expresi\u00f3n no protege afirmaciones falsas cuando se conoce su falsedad o se difunden con despreocupaci\u00f3n por verificar su veracidad. Los textos del concejal no tienen fuentes verificables, no est\u00e1n respaldadas por investigaci\u00f3n o documentaci\u00f3n, y podr\u00edan haberse comprobado f\u00e1cilmente, lo que fue con \u201creal malicia\u201d, quedando fuera de la protecci\u00f3n constitucional. Intencionalidad pol\u00edtica del kirchnerismo En ese marco, atribuy\u00f3 las manifestaciones del concejal a una intencionalidad pol\u00edtica, se\u00f1alando que \u201ccomo vocero de su jefe y socio pol\u00edtico kirchnerista, Capitanich, lanza falacias con declaraciones absolutamente alejadas de la realidad\u201d. \u201cLo que afirma este vocero del kirchnerismo chaque\u00f1o son mentiras, cuyo objetivo es ponernos en el mismo barro que transit\u00f3 \u00e9l, y todos sus amigos kirchneristas, de la mano de piqueteros corruptos y abusadores, que hoy est\u00e1n presos\u201d, expres\u00f3 el ministro."}