{"version":"1.0","provider_name":"CHACODIAPORDIA.COM","provider_url":"https:\/\/chacodiapordia.com\/en","title":"\u201cCinem\u00e1tico 2\u201d se presentar\u00e1 en el Guido Miranda - CHACODIAPORDIA.COM","type":"rich","width":600,"height":338,"html":"<blockquote class=\"wp-embedded-content\" data-secret=\"gMJdWwiMZR\"><a href=\"https:\/\/chacodiapordia.com\/en\/cinematico-2-se-presentara-en-el-guido-miranda\/\">\u201cCinem\u00e1tico 2\u201d se presentar\u00e1 en el Guido Miranda<\/a><\/blockquote><iframe sandbox=\"allow-scripts\" security=\"restricted\" src=\"https:\/\/chacodiapordia.com\/en\/cinematico-2-se-presentara-en-el-guido-miranda\/embed\/#?secret=gMJdWwiMZR\" width=\"600\" height=\"338\" title=\"&#8220;\u201cCinem\u00e1tico 2\u201d se presentar\u00e1 en el Guido Miranda&#8221; &#8212; CHACODIAPORDIA.COM\" data-secret=\"gMJdWwiMZR\" frameborder=\"0\" marginwidth=\"0\" marginheight=\"0\" scrolling=\"no\" class=\"wp-embedded-content\"><\/iframe><script type=\"text\/javascript\">\n\/* <![CDATA[ *\/\n\/*! This file is auto-generated *\/\n!function(d,l){\"use strict\";l.querySelector&&d.addEventListener&&\"undefined\"!=typeof URL&&(d.wp=d.wp||{},d.wp.receiveEmbedMessage||(d.wp.receiveEmbedMessage=function(e){var t=e.data;if((t||t.secret||t.message||t.value)&&!\/[^a-zA-Z0-9]\/.test(t.secret)){for(var s,r,n,a=l.querySelectorAll('iframe[data-secret=\"'+t.secret+'\"]'),o=l.querySelectorAll('blockquote[data-secret=\"'+t.secret+'\"]'),c=new RegExp(\"^https?:$\",\"i\"),i=0;i<o.length;i++)o[i].style.display=\"none\";for(i=0;i<a.length;i++)s=a[i],e.source===s.contentWindow&&(s.removeAttribute(\"style\"),\"height\"===t.message?(1e3<(r=parseInt(t.value,10))?r=1e3:~~r<200&&(r=200),s.height=r):\"link\"===t.message&&(r=new URL(s.getAttribute(\"src\")),n=new URL(t.value),c.test(n.protocol))&&n.host===r.host&&l.activeElement===s&&(d.top.location.href=t.value))}},d.addEventListener(\"message\",d.wp.receiveEmbedMessage,!1),l.addEventListener(\"DOMContentLoaded\",function(){for(var e,t,s=l.querySelectorAll(\"iframe.wp-embedded-content\"),r=0;r<s.length;r++)(t=(e=s[r]).getAttribute(\"data-secret\"))||(t=Math.random().toString(36).substring(2,12),e.src+=\"#?secret=\"+t,e.setAttribute(\"data-secret\",t)),e.contentWindow.postMessage({message:\"ready\",secret:t},\"*\")},!1)))}(window,document);\n\/\/# sourceURL=https:\/\/chacodiapordia.com\/wp-includes\/js\/wp-embed.min.js\n\/* ]]> *\/\n<\/script>","thumbnail_url":"https:\/\/chacodiapordia.com\/wp-content\/uploads\/2024\/09\/Cinematico-2.jpg","thumbnail_width":800,"thumbnail_height":617,"description":"\u201cCinem\u00e1tico 2\u201d es un concierto original donde los m\u00fasicos har\u00e1n un repaso por varias composiciones sinf\u00f3nicas contempor\u00e1neas y cinem\u00e1ticas (propias del compositor). Subir\u00e1n 20 m\u00fasicos a escena y contar\u00e1 con la participaci\u00f3n del coro juvenil estable del ISPEA M\u00fasica. Las entradas tienen un costo de $2500 hasta el 21 de septiembre inclusive, y de&nbsp;&nbsp;&nbsp;&nbsp;&nbsp;&nbsp;&nbsp;&nbsp;&nbsp;&nbsp;&nbsp;&nbsp;&nbsp;&nbsp;&nbsp;&nbsp;&nbsp;&nbsp;&nbsp;&nbsp;&nbsp;&nbsp;&nbsp;&nbsp;&nbsp;&nbsp;&nbsp;&nbsp;&nbsp;&nbsp;&nbsp;&nbsp;&nbsp;&nbsp;&nbsp;&nbsp;&nbsp;&nbsp;&nbsp;&nbsp;&nbsp;&nbsp;&nbsp;&nbsp;&nbsp;&nbsp;&nbsp;&nbsp;&nbsp;&nbsp;&nbsp;&nbsp;&nbsp;&nbsp; $3000 desde el 22 al d\u00eda del concierto. Pueden adquirirse en la boleter\u00eda del teatro de mi\u00e9rcoles a s\u00e1bados de 17 a 21 horas. Sobre Cinem\u00e1tico En 2023 sus composiciones sinf\u00f3nicas fueron seleccionadas por el Instituto Nacional de la M\u00fasica (INAMU), donde concluy\u00f3 en la presentaci\u00f3n del concierto \u201cCinem\u00e1tico 1\u201d en Casa de las Culturas. Javier B\u00e1ez actualmente es profesor en el Instituto Superior del Profesorado de M\u00fasica \u201cYolanda Pereno de Elizondo\u201d (Resistencia), como tambi\u00e9n en la realizaci\u00f3n, composici\u00f3n y producci\u00f3n de nuevas canciones y obras instrumentales, sinf\u00f3nicas cinem\u00e1ticas, con proyecciones en m\u00fasica de cine, series, publicidad, audiovisuales, etc. \u201cAd libitum\u201d, bajo la direcci\u00f3n de Pablo Mitoire, es una orquesta independiente formada en 2023 con el \u00fanico objetivo de hacer m\u00fasica. Ese mismo a\u00f1o, junto con la Asociaci\u00f3n Israelita de Resistencia, se realiz\u00f3 el concierto por la paz bajo la direcci\u00f3n del maestro Gustavo G\u00f3mez Nardo, con 20 m\u00fasicos en acci\u00f3n. En la actualidad \u201cAd libitum\u201d ya lleva cinco presentaciones en lo que va del a\u00f1o ejecutando distintos g\u00e9neros o formaciones instrumentales."}