{"version":"1.0","provider_name":"CHACODIAPORDIA.COM","provider_url":"https:\/\/chacodiapordia.com\/en","title":"Carta p\u00fablica al cabo Guerrero de Gendarmer\u00eda Nacional - CHACODIAPORDIA.COM","type":"rich","width":600,"height":338,"html":"<blockquote class=\"wp-embedded-content\" data-secret=\"PCLmTh5FjR\"><a href=\"https:\/\/chacodiapordia.com\/en\/carta-publica-al-cabo-guerrero-de-gendarmeria-nacional\/\">Carta p\u00fablica al cabo Guerrero de Gendarmer\u00eda Nacional<\/a><\/blockquote><iframe sandbox=\"allow-scripts\" security=\"restricted\" src=\"https:\/\/chacodiapordia.com\/en\/carta-publica-al-cabo-guerrero-de-gendarmeria-nacional\/embed\/#?secret=PCLmTh5FjR\" width=\"600\" height=\"338\" title=\"&#8220;Carta p\u00fablica al cabo Guerrero de Gendarmer\u00eda Nacional&#8221; &#8212; CHACODIAPORDIA.COM\" data-secret=\"PCLmTh5FjR\" frameborder=\"0\" marginwidth=\"0\" marginheight=\"0\" scrolling=\"no\" class=\"wp-embedded-content\"><\/iframe><script type=\"text\/javascript\">\n\/* <![CDATA[ *\/\n\/*! This file is auto-generated *\/\n!function(d,l){\"use strict\";l.querySelector&&d.addEventListener&&\"undefined\"!=typeof URL&&(d.wp=d.wp||{},d.wp.receiveEmbedMessage||(d.wp.receiveEmbedMessage=function(e){var t=e.data;if((t||t.secret||t.message||t.value)&&!\/[^a-zA-Z0-9]\/.test(t.secret)){for(var s,r,n,a=l.querySelectorAll('iframe[data-secret=\"'+t.secret+'\"]'),o=l.querySelectorAll('blockquote[data-secret=\"'+t.secret+'\"]'),c=new RegExp(\"^https?:$\",\"i\"),i=0;i<o.length;i++)o[i].style.display=\"none\";for(i=0;i<a.length;i++)s=a[i],e.source===s.contentWindow&&(s.removeAttribute(\"style\"),\"height\"===t.message?(1e3<(r=parseInt(t.value,10))?r=1e3:~~r<200&&(r=200),s.height=r):\"link\"===t.message&&(r=new URL(s.getAttribute(\"src\")),n=new URL(t.value),c.test(n.protocol))&&n.host===r.host&&l.activeElement===s&&(d.top.location.href=t.value))}},d.addEventListener(\"message\",d.wp.receiveEmbedMessage,!1),l.addEventListener(\"DOMContentLoaded\",function(){for(var e,t,s=l.querySelectorAll(\"iframe.wp-embedded-content\"),r=0;r<s.length;r++)(t=(e=s[r]).getAttribute(\"data-secret\"))||(t=Math.random().toString(36).substring(2,12),e.src+=\"#?secret=\"+t,e.setAttribute(\"data-secret\",t)),e.contentWindow.postMessage({message:\"ready\",secret:t},\"*\")},!1)))}(window,document);\n\/\/# sourceURL=https:\/\/chacodiapordia.com\/wp-includes\/js\/wp-embed.min.js\n\/* ]]> *\/\n<\/script>","thumbnail_url":"https:\/\/chacodiapordia.com\/wp-content\/uploads\/2025\/03\/Congreso-Represion-GendarmeFotGrillo-16Mar2025.jpg","thumbnail_width":800,"thumbnail_height":551,"description":"Por Miguel Gaya* El mi\u00e9rcoles 12 de marzo, vistiendo el uniforme de la Gendarmer\u00eda, que deb\u00eda usar para defender al pueblo y a la Naci\u00f3n, dispar\u00f3 contra el fotoperiodista Pablo Grillo con la intenci\u00f3n de causarle un da\u00f1o grave. Usted, y ninguna otra persona, ha truncado su vida para siempre. En nombre de sus colegas reporteros gr\u00e1ficos, en nombre de todas las personas de buena voluntad de este pa\u00eds, en mi propio nombre, le pido que se presente ante la Justicia y asuma su responsabilidad. Este desgraciado pa\u00eds ha sufrido demasiado por personas como usted, que han aceptado cometer lo inaceptable contra sus hermanos, escondi\u00e9ndose en la impunidad y el anonimato. No ten\u00edan excusas, y usted tampoco las tiene. Ellos han perdido su dignidad para siempre. Usted a\u00fan puede elegir. Hace una semana pudo haber elegido disparar esa granada como indican las normas, y eligi\u00f3 disparar contra Pablo. Aunque no supiese su nombre, aunque no supiese que sacaba fotograf\u00edas, sab\u00eda que no representaba peligro alguno y usted le dispar\u00f3 para lastimarlo. Ahora ha quedado expuesto y deber\u00e1 afrontar que todos ya sabemos lo que hizo. M\u00e1s temprano que tarde lo sabr\u00e1n sus padres, su esposa, sus hijos, hermanos y sobrinos. Lo sabr\u00e1n sus vecinos y sus colegas. Podr\u00e1 inspirar temor, pero nunca tendr\u00e1 respeto ni perd\u00f3n. Usted, y para siempre, ser\u00e1 quien desgarr\u00f3 la vida de un muchacho pac\u00edfico. Y todos sabr\u00e1n que lo hizo adrede. Desconf\u00ede de quienes le prometen impunidad. No pueden ni siquiera asegurarla para ellos. Recuerde un minuto la suerte de otros, sus condenas efectivas, su c\u00e1rcel y sobre todo su escarnio social inevitable. Para cuando la justicia se ponga en marcha, esos funcionarios que hoy parecen el poder mismo lo habr\u00e1n perdido. Y usted estar\u00e1 solo frente a los jueces, frente a sus personas queridas y la sociedad toda. Ser\u00e1 una vez m\u00e1s, como tantos de sus colegas antes, el pato de la boda. Pero puede elegir la dignidad de la verdad. Le pedimos que escuche su conciencia, que haga lo que debe hacer. P\u00f3ngase a disposici\u00f3n de la Justicia, y asuma las consecuencias de sus actos. Publicado en P\u00e1ginas 12"}