{"version":"1.0","provider_name":"CHACODIAPORDIA.COM","provider_url":"https:\/\/chacodiapordia.com\/en","title":"Asumieron las nuevas autoridades de ECOM Chaco - CHACODIAPORDIA.COM","type":"rich","width":600,"height":338,"html":"<blockquote class=\"wp-embedded-content\" data-secret=\"lKJ7tOldpc\"><a href=\"https:\/\/chacodiapordia.com\/en\/asumieron-las-nuevas-autoridades-de-ecom-chaco\/\">Asumieron las nuevas autoridades de ECOM Chaco<\/a><\/blockquote><iframe sandbox=\"allow-scripts\" security=\"restricted\" src=\"https:\/\/chacodiapordia.com\/en\/asumieron-las-nuevas-autoridades-de-ecom-chaco\/embed\/#?secret=lKJ7tOldpc\" width=\"600\" height=\"338\" title=\"&#8220;Asumieron las nuevas autoridades de ECOM Chaco&#8221; &#8212; CHACODIAPORDIA.COM\" data-secret=\"lKJ7tOldpc\" frameborder=\"0\" marginwidth=\"0\" marginheight=\"0\" scrolling=\"no\" class=\"wp-embedded-content\"><\/iframe><script type=\"text\/javascript\">\n\/* <![CDATA[ *\/\n\/*! This file is auto-generated *\/\n!function(d,l){\"use strict\";l.querySelector&&d.addEventListener&&\"undefined\"!=typeof URL&&(d.wp=d.wp||{},d.wp.receiveEmbedMessage||(d.wp.receiveEmbedMessage=function(e){var t=e.data;if((t||t.secret||t.message||t.value)&&!\/[^a-zA-Z0-9]\/.test(t.secret)){for(var s,r,n,a=l.querySelectorAll('iframe[data-secret=\"'+t.secret+'\"]'),o=l.querySelectorAll('blockquote[data-secret=\"'+t.secret+'\"]'),c=new RegExp(\"^https?:$\",\"i\"),i=0;i<o.length;i++)o[i].style.display=\"none\";for(i=0;i<a.length;i++)s=a[i],e.source===s.contentWindow&&(s.removeAttribute(\"style\"),\"height\"===t.message?(1e3<(r=parseInt(t.value,10))?r=1e3:~~r<200&&(r=200),s.height=r):\"link\"===t.message&&(r=new URL(s.getAttribute(\"src\")),n=new URL(t.value),c.test(n.protocol))&&n.host===r.host&&l.activeElement===s&&(d.top.location.href=t.value))}},d.addEventListener(\"message\",d.wp.receiveEmbedMessage,!1),l.addEventListener(\"DOMContentLoaded\",function(){for(var e,t,s=l.querySelectorAll(\"iframe.wp-embedded-content\"),r=0;r<s.length;r++)(t=(e=s[r]).getAttribute(\"data-secret\"))||(t=Math.random().toString(36).substring(2,12),e.src+=\"#?secret=\"+t,e.setAttribute(\"data-secret\",t)),e.contentWindow.postMessage({message:\"ready\",secret:t},\"*\")},!1)))}(window,document);\n\/\/# sourceURL=https:\/\/chacodiapordia.com\/wp-includes\/js\/wp-embed.min.js\n\/* ]]> *\/\n<\/script>","thumbnail_url":"https:\/\/chacodiapordia.com\/wp-content\/uploads\/2023\/12\/ECOM-NuevasAutoridades2023.jpg","thumbnail_width":800,"thumbnail_height":592,"description":"En la ocasi\u00f3n, tambi\u00e9n se concret\u00f3 la asunci\u00f3n de Ra\u00fal Horacio Quindt y Sebasti\u00e1n Denis Lionel Chade, como Directores Generales; en tanto que, como s\u00edndicos Titulares asumieron el Dr. Javier Rolando Landeka; el Dr. Gonzalo Gallardo Su\u00f1\u00e9; y la Cra. Ethel Noemi Krejci. En ese contexto, el flamante presidente, Luis Emilio Verga confirm\u00f3 que se llevar\u00e1 adelante \u201cuna auditor\u00eda de corte, para saber en qu\u00e9 situaci\u00f3n se encuentra la empresa; destacando el material humano, t\u00e9cnico y profesional que tenemos dentro porque ECOM es una empresa de tecnolog\u00eda que necesita ser ordenada, transformada y generar un cambio cultural en la misma. Vamos a trabajar mucho en las funcionalidades, en los procesos, y en orientar hacia d\u00f3nde va la empresa y que sea realmente el trabajo de una empresa de tecnolog\u00eda\u201d. Por su parte, el vicepresidente Ib\u00e1\u00f1ez afirm\u00f3 que \u201clos ejes estar\u00e1n basados en el repotenciaci\u00f3n de la empresa, hay que, primero, enfocar la empresa desde una perspectiva tecnol\u00f3gica; creemos en los empleados, creemos en la materia prima y en volver a ser una empresa de punta. Vamos a resolver con responsabilidad y trabajo esas asimetr\u00edas que vinieron ocurriendo en estos 16 a\u00f1os entre ellos\u201d. Acompa\u00f1aron en este acto, el ministro de econom\u00eda Alejandro Abraam, el secretario Coordinador de Gabinete, Livio Guti\u00e9rrez y el subsecretario de Coordinaci\u00f3n de gabinete econ\u00f3mico, Guillermo Cesar Ag\u00fcero, y la vicepresidenta de Fiduciaria del Norte, Dra. Mar\u00eda Barreto."}