{"version":"1.0","provider_name":"CHACODIAPORDIA.COM","provider_url":"https:\/\/chacodiapordia.com\/en","title":"Adri\u00e1n Berra D\u00fao Set en el Cecual - CHACODIAPORDIA.COM","type":"rich","width":600,"height":338,"html":"<blockquote class=\"wp-embedded-content\" data-secret=\"75wAoJZhrS\"><a href=\"https:\/\/chacodiapordia.com\/en\/adrian-berra-duo-set-en-el-cecual\/\">Adri\u00e1n Berra D\u00fao Set en el Cecual<\/a><\/blockquote><iframe sandbox=\"allow-scripts\" security=\"restricted\" src=\"https:\/\/chacodiapordia.com\/en\/adrian-berra-duo-set-en-el-cecual\/embed\/#?secret=75wAoJZhrS\" width=\"600\" height=\"338\" title=\"&#8220;Adri\u00e1n Berra D\u00fao Set en el Cecual&#8221; &#8212; CHACODIAPORDIA.COM\" data-secret=\"75wAoJZhrS\" frameborder=\"0\" marginwidth=\"0\" marginheight=\"0\" scrolling=\"no\" class=\"wp-embedded-content\"><\/iframe><script type=\"text\/javascript\">\n\/* <![CDATA[ *\/\n\/*! This file is auto-generated *\/\n!function(d,l){\"use strict\";l.querySelector&&d.addEventListener&&\"undefined\"!=typeof URL&&(d.wp=d.wp||{},d.wp.receiveEmbedMessage||(d.wp.receiveEmbedMessage=function(e){var t=e.data;if((t||t.secret||t.message||t.value)&&!\/[^a-zA-Z0-9]\/.test(t.secret)){for(var s,r,n,a=l.querySelectorAll('iframe[data-secret=\"'+t.secret+'\"]'),o=l.querySelectorAll('blockquote[data-secret=\"'+t.secret+'\"]'),c=new RegExp(\"^https?:$\",\"i\"),i=0;i<o.length;i++)o[i].style.display=\"none\";for(i=0;i<a.length;i++)s=a[i],e.source===s.contentWindow&&(s.removeAttribute(\"style\"),\"height\"===t.message?(1e3<(r=parseInt(t.value,10))?r=1e3:~~r<200&&(r=200),s.height=r):\"link\"===t.message&&(r=new URL(s.getAttribute(\"src\")),n=new URL(t.value),c.test(n.protocol))&&n.host===r.host&&l.activeElement===s&&(d.top.location.href=t.value))}},d.addEventListener(\"message\",d.wp.receiveEmbedMessage,!1),l.addEventListener(\"DOMContentLoaded\",function(){for(var e,t,s=l.querySelectorAll(\"iframe.wp-embedded-content\"),r=0;r<s.length;r++)(t=(e=s[r]).getAttribute(\"data-secret\"))||(t=Math.random().toString(36).substring(2,12),e.src+=\"#?secret=\"+t,e.setAttribute(\"data-secret\",t)),e.contentWindow.postMessage({message:\"ready\",secret:t},\"*\")},!1)))}(window,document);\n\/\/# sourceURL=https:\/\/chacodiapordia.com\/wp-includes\/js\/wp-embed.min.js\n\/* ]]> *\/\n<\/script>","thumbnail_url":"https:\/\/chacodiapordia.com\/wp-content\/uploads\/2024\/10\/CECUAL-Berra-en-Resistencia-1.jpg","thumbnail_width":800,"thumbnail_height":544,"description":"Al anunciar las fechas, el artista escribi\u00f3 en sus redes sociales \u201cEstoy muy contento de anunciar esta gira de noviembre para despedir el a\u00f1o en formato de d\u00fao. Estamos preparando un show especial para salir a rodar con Tom\u00e1s Sanguinetti en guitarras y Alejandro Pugliese en las perillas. Muchas ganas de habitar este formato especialmente para estos conciertos. Son los \u00faltimos shows del a\u00f1o y despu\u00e9s espero que ya entremos a preparar el disco nuevo.\u201d Sobre Adri\u00e1n Es un guitarrista, cantante y compositor con varios a\u00f1os de trayectoria en la escena de la m\u00fasica argentina. Escribi\u00f3 y grab\u00f3 su primera canci\u00f3n en 2006. El gran alcance que tuvo en \u00e9pocas donde no hab\u00eda redes sociales, fue una semilla para su carrera, que hoy cuenta con 5 discos editados, 3 singles, una pel\u00edcula, un documental m\u00e1s de 100 millones de reproducciones, 400 mil oyentes \u00fanicos en Spotify y 15 mil suscriptores en Youtube. Realiz\u00f3 m\u00e1s de 120 conciertos por casi todo el pa\u00eds y unas 20 giras internacionales por m\u00e1s de 10 pa\u00edses entre Am\u00e9rica y Europa. Comparti\u00f3 escenario con Muerdo (Esp), Pedro Pastor (Esp), La Otra (Esp), El plan de la mariposa, Nito Mestre, Perot\u00e1 Ching\u00f3, El Kuelgue, Manu Chao, La Charo, Loli Molina, Mart\u00edn Buscaglia (Uru). En 2022 Jorge Drexler lo eligi\u00f3 para abrir su primer concierto en el Teatro Gran Rex en Buenos Aires. Durante 2023 \u201cRespirar bajo el agua\u201d fue presentado por varios pa\u00edses y en septiembre de ese mismo a\u00f1o se present\u00f3 en el Teatro \u00d3pera de la ciudad de Buenos Aires, donde grab\u00f3 un disco en vivo, que sali\u00f3 en el mes de diciembre. En 2024 Adri\u00e1n sigue mostrando su \u00faltimo trabajo en estudio con la banda completa y una puesta esc\u00e9nica y show renovado con el cual se present\u00f3 en el C.C. Konex y posteriormente en una gira por Espa\u00f1a y Dinamarca."}