{"version":"1.0","provider_name":"CHACODIAPORDIA.COM","provider_url":"https:\/\/chacodiapordia.com\/en","title":"9 de julio, D\u00eda de la Independencia - CHACODIAPORDIA.COM","type":"rich","width":600,"height":338,"html":"<blockquote class=\"wp-embedded-content\" data-secret=\"hTHekvFP3r\"><a href=\"https:\/\/chacodiapordia.com\/en\/9-de-julio-dia-de-la-independencia\/\">9 de julio, D\u00eda de la Independencia<\/a><\/blockquote><iframe sandbox=\"allow-scripts\" security=\"restricted\" src=\"https:\/\/chacodiapordia.com\/en\/9-de-julio-dia-de-la-independencia\/embed\/#?secret=hTHekvFP3r\" width=\"600\" height=\"338\" title=\"&#8220;9 de julio, D\u00eda de la Independencia&#8221; &#8212; CHACODIAPORDIA.COM\" data-secret=\"hTHekvFP3r\" frameborder=\"0\" marginwidth=\"0\" marginheight=\"0\" scrolling=\"no\" class=\"wp-embedded-content\"><\/iframe><script type=\"text\/javascript\">\n\/* <![CDATA[ *\/\n\/*! This file is auto-generated *\/\n!function(d,l){\"use strict\";l.querySelector&&d.addEventListener&&\"undefined\"!=typeof URL&&(d.wp=d.wp||{},d.wp.receiveEmbedMessage||(d.wp.receiveEmbedMessage=function(e){var t=e.data;if((t||t.secret||t.message||t.value)&&!\/[^a-zA-Z0-9]\/.test(t.secret)){for(var s,r,n,a=l.querySelectorAll('iframe[data-secret=\"'+t.secret+'\"]'),o=l.querySelectorAll('blockquote[data-secret=\"'+t.secret+'\"]'),c=new RegExp(\"^https?:$\",\"i\"),i=0;i<o.length;i++)o[i].style.display=\"none\";for(i=0;i<a.length;i++)s=a[i],e.source===s.contentWindow&&(s.removeAttribute(\"style\"),\"height\"===t.message?(1e3<(r=parseInt(t.value,10))?r=1e3:~~r<200&&(r=200),s.height=r):\"link\"===t.message&&(r=new URL(s.getAttribute(\"src\")),n=new URL(t.value),c.test(n.protocol))&&n.host===r.host&&l.activeElement===s&&(d.top.location.href=t.value))}},d.addEventListener(\"message\",d.wp.receiveEmbedMessage,!1),l.addEventListener(\"DOMContentLoaded\",function(){for(var e,t,s=l.querySelectorAll(\"iframe.wp-embedded-content\"),r=0;r<s.length;r++)(t=(e=s[r]).getAttribute(\"data-secret\"))||(t=Math.random().toString(36).substring(2,12),e.src+=\"#?secret=\"+t,e.setAttribute(\"data-secret\",t)),e.contentWindow.postMessage({message:\"ready\",secret:t},\"*\")},!1)))}(window,document);\n\/\/# sourceURL=https:\/\/chacodiapordia.com\/wp-includes\/js\/wp-embed.min.js\n\/* ]]> *\/\n<\/script>","thumbnail_url":"https:\/\/chacodiapordia.com\/wp-content\/uploads\/2025\/07\/Historia-DiaIndependencia-Arg.jpg","thumbnail_width":700,"thumbnail_height":428,"description":"Las sesiones del Congreso se iniciaron el 24 de marzo de 1816 con la presencia de 33 diputados de diferentes provincias, que tras varios meses, acordaron firmar la proclama que expresaba la voluntad de emancipaci\u00f3n y la creaci\u00f3n de un gobierno soberano e independiente. El escrito original originario del D\u00eda de la Independencia est\u00e1 desaparecido y lo \u00fanico que hay de aquella jornada son copias del acta. La que se encuentra en el Archivo General de la Naci\u00f3n, se trata de una copia realizada a fines del mes de julio de 1816, poco despu\u00e9s de la firma. \u201cNos los representantes de las Provincias Unidas en Sud Am\u00e9rica, reunidos en Congreso General, invocando al Eterno que preside al universo, en el nombre y por la autoridad de los pueblos que representamos, protestando al cielo, a las naciones y hombres todos del globo la justicia, que regla nuestros votos, declaramos solemnemente a la faz de la tierra que, es voluntad un\u00e1nime e indudable de estas provincias romper los violentos v\u00ednculos que las ligaban a los reyes de Espa\u00f1a, recuperar los derechos de que fueron despojadas, e investirse del alto car\u00e1cter de una naci\u00f3n libre e independiente del rey Fernando VII, sus sucesores y metr\u00f3poli\u201d, dice el texto. \u201cQuedan en consecuencia de hecho y de derecho con amplio y pleno poder para darse las formas que exija la justicia, e impere el c\u00famulo de sus actuales circunstancias. Todas y cada una de ellas as\u00ed lo publican, declaran y ratifican, comprometi\u00e9ndose por nuestro medio al cumplimiento y sost\u00e9n de esta su voluntad, bajo el seguro y garant\u00eda de sus vidas, haberes y fama\u201d, a\u00f1ade el documento. La proclama se concret\u00f3 en la casa de Francisca Baz\u00e1n de Laguna, alquilada para la ocasi\u00f3n. Este sitio se declar\u00f3 monumento nacional en 1941 y se bautiz\u00f3 como La Casa de Tucum\u00e1n, \u00edcono inevitablemente asociado al D\u00eda de la Independencia. El 6 de julio de 1826, Bernardino Rivadavia, presidente de las Provincias Unidas del R\u00edo de la Plata, orden\u00f3 que el 9 de julio se conmemorase junto al 25 de mayo. Sin embargo, el 11 de junio de 1835, el entonces presidente de la Confederaci\u00f3n Argentina Juan Manuel de Rosas dispuso mediante un decreto que la celebraci\u00f3n del 9 de julio deb\u00eda hacerse con los mismos preceptos que la del 25 de mayo. Antecedentes En 1814, el rey Fernando VII de Espa\u00f1a hab\u00eda regresado al trono espa\u00f1ol. Esta situaci\u00f3n quit\u00f3 argumentos de acci\u00f3n a los hombres que hab\u00edan iniciado la Revoluci\u00f3n de Mayo en el Virreinato del R\u00edo de la Plata e instaurado la Primera Junta en 1810 \u2014y los gobiernos que hab\u00edan sucedido a esta\u2014 bajo la premisa de la M\u00e1scara de Fernando VII. Ya no pod\u00edan actuar en nombre del rey de Espa\u00f1a porque este volvi\u00f3 a estar en el poder efectivo. El rey quer\u00eda reconquistar sus dominios en Am\u00e9rica; los realistas, que eran los partidarios de la monarqu\u00eda espa\u00f1ola, hab\u00edan triunfado en Huaqui, Vilcapugio y Ayoh\u00fama, y eran fuertes en el Alto Per\u00fa -en la regi\u00f3n occidental de la actual Bolivia-. Desde all\u00ed pensaban atacar las bases de los independentistas e invadir todo el actual territorio de Argentina, teniendo como objetivo la ciudad de Buenos Aires. El 15 de abril de 1815, una revoluci\u00f3n termin\u00f3 con el gobierno centralista del Director Supremo de las Provincias Unidas del R\u00edo de la Plata, el general Carlos Mar\u00eda de Alvear. Los revolucionarios exigieron la convocatoria de un Congreso General Constituyente. Inicialmente se enviaron diputados de todas las provincias, iniciando las sesiones el 24 de marzo de 1816. Cada delegado representaba a unos 15 000 habitantes. Sin embargo, la situaci\u00f3n de los patriotas independentistas en su frontera noroeste no estuvo asegurada hasta que en marzo de 1816 el general porte\u00f1o Jos\u00e9 Rondeau acept\u00f3 firmar el Pacto de los Cerrillos con el caudillo salte\u00f1o (Salta inclu\u00eda a Jujuy y Tarija) Mart\u00edn Miguel de G\u00fcemes. A partir de ese momento, las fuerzas de G\u00fcemes sostuvieron la lucha en el frente norte, liberando a los ej\u00e9rcitos del gobierno nacional para que, al mando del general Jos\u00e9 de San Mart\u00edn, pudieran avanzar contra sus enemigos m\u00e1s all\u00e1 de la Cordillera de los Andes hacia Chile y luego hasta Per\u00fa. Mientras tanto, el caudillo Jos\u00e9 Gervasio Artigas y sus aliados defend\u00edan el territorio de las incursiones portuguesas, pese a las actitudes ambiguas de los gobernantes porte\u00f1os. El Diario Ar"}