{"version":"1.0","provider_name":"CHACODIAPORDIA.COM","provider_url":"https:\/\/chacodiapordia.com\/en","title":"3 de julio, D\u00eda del Locutor - CHACODIAPORDIA.COM","type":"rich","width":600,"height":338,"html":"<blockquote class=\"wp-embedded-content\" data-secret=\"ooHolxmWnp\"><a href=\"https:\/\/chacodiapordia.com\/en\/3-de-julio-dia-del-locutor\/\">3 de julio, D\u00eda del Locutor<\/a><\/blockquote><iframe sandbox=\"allow-scripts\" security=\"restricted\" src=\"https:\/\/chacodiapordia.com\/en\/3-de-julio-dia-del-locutor\/embed\/#?secret=ooHolxmWnp\" width=\"600\" height=\"338\" title=\"&#8220;3 de julio, D\u00eda del Locutor&#8221; &#8212; CHACODIAPORDIA.COM\" data-secret=\"ooHolxmWnp\" frameborder=\"0\" marginwidth=\"0\" marginheight=\"0\" scrolling=\"no\" class=\"wp-embedded-content\"><\/iframe><script type=\"text\/javascript\">\n\/* <![CDATA[ *\/\n\/*! This file is auto-generated *\/\n!function(d,l){\"use strict\";l.querySelector&&d.addEventListener&&\"undefined\"!=typeof URL&&(d.wp=d.wp||{},d.wp.receiveEmbedMessage||(d.wp.receiveEmbedMessage=function(e){var t=e.data;if((t||t.secret||t.message||t.value)&&!\/[^a-zA-Z0-9]\/.test(t.secret)){for(var s,r,n,a=l.querySelectorAll('iframe[data-secret=\"'+t.secret+'\"]'),o=l.querySelectorAll('blockquote[data-secret=\"'+t.secret+'\"]'),c=new RegExp(\"^https?:$\",\"i\"),i=0;i<o.length;i++)o[i].style.display=\"none\";for(i=0;i<a.length;i++)s=a[i],e.source===s.contentWindow&&(s.removeAttribute(\"style\"),\"height\"===t.message?(1e3<(r=parseInt(t.value,10))?r=1e3:~~r<200&&(r=200),s.height=r):\"link\"===t.message&&(r=new URL(s.getAttribute(\"src\")),n=new URL(t.value),c.test(n.protocol))&&n.host===r.host&&l.activeElement===s&&(d.top.location.href=t.value))}},d.addEventListener(\"message\",d.wp.receiveEmbedMessage,!1),l.addEventListener(\"DOMContentLoaded\",function(){for(var e,t,s=l.querySelectorAll(\"iframe.wp-embedded-content\"),r=0;r<s.length;r++)(t=(e=s[r]).getAttribute(\"data-secret\"))||(t=Math.random().toString(36).substring(2,12),e.src+=\"#?secret=\"+t,e.setAttribute(\"data-secret\",t)),e.contentWindow.postMessage({message:\"ready\",secret:t},\"*\")},!1)))}(window,document);\n\/\/# sourceURL=https:\/\/chacodiapordia.com\/wp-includes\/js\/wp-embed.min.js\n\/* ]]> *\/\n<\/script>","thumbnail_url":"https:\/\/chacodiapordia.com\/wp-content\/uploads\/2024\/07\/DiaDelLocutor-2024.jpg","thumbnail_width":800,"thumbnail_height":529,"description":"El recordado conductor Roberto Gal\u00e1n fue uno de sus fundadores. \u201cAl primero que se le ocurri\u00f3 la idea de unirnos fue a Jorge Homar Del R\u00edo, que hab\u00eda concurrido por Radio El Mundo. Cuando esper\u00e1bamos que nos dieran una suerte de libretos, Del R\u00edo pregunt\u00f3 acerca de formar una entidad que agrupara a los locutores (\u2026) Con unos libros que aport\u00e9 inauguramos una peque\u00f1a biblioteca, compramos una m\u00e1quina de escribir, abrimos un Libro de Actas. Despu\u00e9s comenz\u00f3 la gran tarea de incorporar al Interior y formar las filiales\u201d, cont\u00f3 alguna vez. Seg\u00fan el relato de uno de los protagonistas de aquel evento, los locutores en ese momento se hallaban muy distanciados. Fue en 1950, siete a\u00f1os despu\u00e9s, durante un Congreso Nacional de Locutores, cuando se instaur\u00f3 el 3 de julio como el D\u00eda del Locutor. El Hip\u00f3dromo de Palermo suele homenajear a los locutores en su d\u00eda al nombrar a algunas de sus carreras realizadas este d\u00eda como \u201cPremio D\u00eda del Locutor\u201d o \u201cPremio Sociedad Argentina de Locutores\u201d. El Diario Ar"}