{"version":"1.0","provider_name":"CHACODIAPORDIA.COM","provider_url":"https:\/\/chacodiapordia.com\/en","title":"3 de diciembre: D\u00eda del M\u00e9dico - CHACODIAPORDIA.COM","type":"rich","width":600,"height":338,"html":"<blockquote class=\"wp-embedded-content\" data-secret=\"Yac8F0XtPD\"><a href=\"https:\/\/chacodiapordia.com\/en\/3-de-diciembre-dia-del-medico-2\/\">3 de diciembre: D\u00eda del M\u00e9dico<\/a><\/blockquote><iframe sandbox=\"allow-scripts\" security=\"restricted\" src=\"https:\/\/chacodiapordia.com\/en\/3-de-diciembre-dia-del-medico-2\/embed\/#?secret=Yac8F0XtPD\" width=\"600\" height=\"338\" title=\"&#8220;3 de diciembre: D\u00eda del M\u00e9dico&#8221; &#8212; CHACODIAPORDIA.COM\" data-secret=\"Yac8F0XtPD\" frameborder=\"0\" marginwidth=\"0\" marginheight=\"0\" scrolling=\"no\" class=\"wp-embedded-content\"><\/iframe><script type=\"text\/javascript\">\n\/* <![CDATA[ *\/\n\/*! This file is auto-generated *\/\n!function(d,l){\"use strict\";l.querySelector&&d.addEventListener&&\"undefined\"!=typeof URL&&(d.wp=d.wp||{},d.wp.receiveEmbedMessage||(d.wp.receiveEmbedMessage=function(e){var t=e.data;if((t||t.secret||t.message||t.value)&&!\/[^a-zA-Z0-9]\/.test(t.secret)){for(var s,r,n,a=l.querySelectorAll('iframe[data-secret=\"'+t.secret+'\"]'),o=l.querySelectorAll('blockquote[data-secret=\"'+t.secret+'\"]'),c=new RegExp(\"^https?:$\",\"i\"),i=0;i<o.length;i++)o[i].style.display=\"none\";for(i=0;i<a.length;i++)s=a[i],e.source===s.contentWindow&&(s.removeAttribute(\"style\"),\"height\"===t.message?(1e3<(r=parseInt(t.value,10))?r=1e3:~~r<200&&(r=200),s.height=r):\"link\"===t.message&&(r=new URL(s.getAttribute(\"src\")),n=new URL(t.value),c.test(n.protocol))&&n.host===r.host&&l.activeElement===s&&(d.top.location.href=t.value))}},d.addEventListener(\"message\",d.wp.receiveEmbedMessage,!1),l.addEventListener(\"DOMContentLoaded\",function(){for(var e,t,s=l.querySelectorAll(\"iframe.wp-embedded-content\"),r=0;r<s.length;r++)(t=(e=s[r]).getAttribute(\"data-secret\"))||(t=Math.random().toString(36).substring(2,12),e.src+=\"#?secret=\"+t,e.setAttribute(\"data-secret\",t)),e.contentWindow.postMessage({message:\"ready\",secret:t},\"*\")},!1)))}(window,document);\n\/\/# sourceURL=https:\/\/chacodiapordia.com\/wp-includes\/js\/wp-embed.min.js\n\/* ]]> *\/\n<\/script>","thumbnail_url":"https:\/\/cdn4.chacodiapordia.com\/wp-content\/uploads\/2024\/09\/Salud-MedicoTablet.jpg","thumbnail_width":800,"thumbnail_height":537,"description":"La fecha recuerda el nacimiento del m\u00e9dico Carlos Juan Finlay Barr\u00e9s y su teor\u00eda sobre la transmisi\u00f3n por mosquitos. La Organizaci\u00f3n Panamericana de la Salud y entidades argentinas oficializaron la conmemoraci\u00f3n El 3 de diciembre se conmemora en Argentina y varios pa\u00edses de Latinoam\u00e9rica el D\u00eda del m\u00e9dico, en recuerdo del nacimiento del doctor Carlos Juan Finlay Barr\u00e9s, nacido el 3 de diciembre de 1833. Finlay propuso en 1881 que la fiebre amarilla se transmit\u00eda por la picadura del mosquito Aedes aegypti, descubrimiento que cambi\u00f3 las estrategias de salud p\u00fablica y permiti\u00f3 dise\u00f1ar medidas de control del vector. La teor\u00eda de Finlay enfrent\u00f3 escepticismo en su momento porque muchos m\u00e9dicos atribu\u00edan la enfermedad al contacto con objetos o ropa de enfermos. No obstante, una comisi\u00f3n estadounidense creada para investigar la fiebre amarilla confirm\u00f3 las observaciones de Finlay en 1901, lo que abri\u00f3 el camino para intervenciones que salvaron millones de vidas. La conmemoraci\u00f3n recibi\u00f3 impulso institucional a mediados del siglo XX: en 1955 la Confederaci\u00f3n M\u00e9dica Panamericana instituy\u00f3 la jornada por la fecha de nacimiento de Finlay, y en 1956 el Colegio M\u00e9dico de C\u00f3rdoba se adhiri\u00f3; posteriormente la Confederaci\u00f3n M\u00e9dica Argentina y el gobierno nacional oficializaron la fecha mediante decreto. Origen hist\u00f3rico y reconocimiento institucional Carlos Juan Finlay Barr\u00e9s elabor\u00f3 su hip\u00f3tesis a fines del siglo XIX tras a\u00f1os de observaci\u00f3n cl\u00ednica y entomol\u00f3gica. Su propuesta sobre el papel del Aedes aegypti result\u00f3 fundamental para entender la din\u00e1mica de la fiebre amarilla y para la prevenci\u00f3n de epidemias en zonas urbanas. La confirmaci\u00f3n por parte de la comisi\u00f3n estadounidense en 1901 valid\u00f3 las medidas de control del vector que luego se aplicaron en campa\u00f1as sanitarias internacionales. Ese reconocimiento cient\u00edfico y pr\u00e1ctico impuls\u00f3 la adopci\u00f3n de pol\u00edticas p\u00fablicas orientadas a eliminar criaderos y reducir la transmisi\u00f3n. La Confederaci\u00f3n M\u00e9dica Panamericana instituy\u00f3 el D\u00eda del m\u00e9dico en honor a Finlay, y varios organismos en la regi\u00f3n se sumaron a la iniciativa. En Argentina, el Colegio M\u00e9dico de C\u00f3rdoba y la Confederaci\u00f3n M\u00e9dica Argentina respaldaron la fecha hasta su oficializaci\u00f3n por decreto del Estado nacional. Perfil actual de la profesi\u00f3n y la celebraci\u00f3n El Ministerio de Salud de la Naci\u00f3n indic\u00f3 que, seg\u00fan el \u00faltimo estudio de demograf\u00eda m\u00e9dica disponible de diciembre de 2015, Argentina cuenta con m\u00e1s de 216.000 m\u00e9dicos matriculados, cifra que sit\u00faa al pa\u00eds entre los de mayor densidad de profesionales por habitante. El Litoral-Santa Fe"}