{"version":"1.0","provider_name":"CHACODIAPORDIA.COM","provider_url":"https:\/\/chacodiapordia.com\/en","title":"11 de septiembre, D\u00eda del Maestro - CHACODIAPORDIA.COM","type":"rich","width":600,"height":338,"html":"<blockquote class=\"wp-embedded-content\" data-secret=\"k5ohRNl49G\"><a href=\"https:\/\/chacodiapordia.com\/en\/11-de-septiembre-dia-del-maestro\/\">11 de septiembre, D\u00eda del Maestro<\/a><\/blockquote><iframe sandbox=\"allow-scripts\" security=\"restricted\" src=\"https:\/\/chacodiapordia.com\/en\/11-de-septiembre-dia-del-maestro\/embed\/#?secret=k5ohRNl49G\" width=\"600\" height=\"338\" title=\"&#8220;11 de septiembre, D\u00eda del Maestro&#8221; &#8212; CHACODIAPORDIA.COM\" data-secret=\"k5ohRNl49G\" frameborder=\"0\" marginwidth=\"0\" marginheight=\"0\" scrolling=\"no\" class=\"wp-embedded-content\"><\/iframe><script type=\"text\/javascript\">\n\/* <![CDATA[ *\/\n\/*! This file is auto-generated *\/\n!function(d,l){\"use strict\";l.querySelector&&d.addEventListener&&\"undefined\"!=typeof URL&&(d.wp=d.wp||{},d.wp.receiveEmbedMessage||(d.wp.receiveEmbedMessage=function(e){var t=e.data;if((t||t.secret||t.message||t.value)&&!\/[^a-zA-Z0-9]\/.test(t.secret)){for(var s,r,n,a=l.querySelectorAll('iframe[data-secret=\"'+t.secret+'\"]'),o=l.querySelectorAll('blockquote[data-secret=\"'+t.secret+'\"]'),c=new RegExp(\"^https?:$\",\"i\"),i=0;i<o.length;i++)o[i].style.display=\"none\";for(i=0;i<a.length;i++)s=a[i],e.source===s.contentWindow&&(s.removeAttribute(\"style\"),\"height\"===t.message?(1e3<(r=parseInt(t.value,10))?r=1e3:~~r<200&&(r=200),s.height=r):\"link\"===t.message&&(r=new URL(s.getAttribute(\"src\")),n=new URL(t.value),c.test(n.protocol))&&n.host===r.host&&l.activeElement===s&&(d.top.location.href=t.value))}},d.addEventListener(\"message\",d.wp.receiveEmbedMessage,!1),l.addEventListener(\"DOMContentLoaded\",function(){for(var e,t,s=l.querySelectorAll(\"iframe.wp-embedded-content\"),r=0;r<s.length;r++)(t=(e=s[r]).getAttribute(\"data-secret\"))||(t=Math.random().toString(36).substring(2,12),e.src+=\"#?secret=\"+t,e.setAttribute(\"data-secret\",t)),e.contentWindow.postMessage({message:\"ready\",secret:t},\"*\")},!1)))}(window,document);\n\/\/# sourceURL=https:\/\/chacodiapordia.com\/wp-includes\/js\/wp-embed.min.js\n\/* ]]> *\/\n<\/script>","thumbnail_url":"https:\/\/chacodiapordia.com\/wp-content\/uploads\/2023\/11\/maestras.jpg","thumbnail_width":800,"thumbnail_height":571,"description":"Este jueves 11 de septiembre, en Argentina, se celebra el D\u00eda del Maestro. La fecha no fue elegida de forma aleatoria, ya que se busc\u00f3 conmemorar el fallecimiento de Domingo Faustino Sarmiento, la figura m\u00e1s importante de la educaci\u00f3n en el pa\u00eds, conocido como \u201cel padre del aula\u201d. Domingo Faustino Sarmiento, adem\u00e1s de ser uno de los educadores m\u00e1s importantes de la historia del pa\u00eds, tambi\u00e9n fue Presidente de la Naci\u00f3n desde 1868 hasta 1874. A su vez, a Sarmiento se le conoce como \u201cel padre del aula\u201d, ya que paut\u00f3 las bases de la educaci\u00f3n en Argentina. Sarmiento mantuvo la idea de que se deb\u00eda crear una \u201cLey nacional de educaci\u00f3n\u201d para avanzar en este \u00e1mbito en todo el pa\u00eds. A pesar de no poder concretar ese sue\u00f1o educativo nacional, s\u00ed lo logr\u00f3 Julio Roca durante su presidencia al sancionar la Ley 1.420 de educaci\u00f3n universal, obligatoria, gratuita y laica. El 11 de septiembre de 1888, Domingo Faustino Sarmiento falleci\u00f3 en Asunci\u00f3n (Paraguay). Para 1943, en honor a Sarmiento, se llev\u00f3 a cabo la Primera Conferencia de Ministros y Directores de Educaci\u00f3n de las Rep\u00fablicas Americanas en Panam\u00e1. Durante la conferencia, se decidi\u00f3 ponerle conmemorar el D\u00eda del Maestro cada 11 de septiembre. Sin embargo, esta idea no avanz\u00f3 hasta que en 1945, durante el gobierno de Edelmiro Farrell, y por decreto nacional se eligi\u00f3 el 11 de septiembre como fecha para celebrar el D\u00eda del Maestro en Argentina. D\u00eda del Maestro: \u00bfes feriado en Argentina? Como todos los a\u00f1os, cuando se conmemora el D\u00eda de Maestro en el pa\u00eds no hay clases en el ciclo primario para celebrar la fecha, aunque no se trata de un feriado nacional. El Diario Ar"}